{"id":1160,"date":"2026-03-31T11:43:30","date_gmt":"2026-03-31T09:43:30","guid":{"rendered":"https:\/\/le-port-marly.net\/main\/?page_id=1160"},"modified":"2026-04-07T20:48:16","modified_gmt":"2026-04-07T18:48:16","slug":"liens","status":"publish","type":"page","link":"https:\/\/le-port-marly.net\/main\/liens\/","title":{"rendered":"Partenaires et liens"},"content":{"rendered":"<p><div class=\"fusion-fullwidth fullwidth-box fusion-builder-row-1 fusion-flex-container has-pattern-background has-mask-background nonhundred-percent-fullwidth non-hundred-percent-height-scrolling\" style=\"--awb-border-radius-top-left:0px;--awb-border-radius-top-right:0px;--awb-border-radius-bottom-right:0px;--awb-border-radius-bottom-left:0px;--awb-padding-top:90px;--awb-padding-bottom:90px;--awb-padding-top-medium:70px;--awb-padding-bottom-medium:70px;--awb-padding-top-small:50px;--awb-padding-bottom-small:50px;--awb-margin-top:0px;--awb-margin-top-small:0px;--awb-background-color:var(--awb-color2);--awb-flex-wrap:wrap;\" ><div class=\"fusion-builder-row fusion-row fusion-flex-align-items-flex-start fusion-flex-content-wrap\" style=\"max-width:1248px;margin-left: calc(-4% \/ 2 );margin-right: calc(-4% \/ 2 );\"><div class=\"fusion-layout-column fusion_builder_column fusion-builder-column-0 fusion_builder_column_1_1 1_1 fusion-flex-column\" style=\"--awb-bg-size:cover;--awb-width-large:100%;--awb-margin-top-large:0px;--awb-spacing-right-large:1.92%;--awb-margin-bottom-large:20px;--awb-spacing-left-large:1.92%;--awb-width-medium:100%;--awb-order-medium:0;--awb-spacing-right-medium:1.92%;--awb-spacing-left-medium:1.92%;--awb-width-small:100%;--awb-order-small:0;--awb-spacing-right-small:1.92%;--awb-spacing-left-small:1.92%;\"><div class=\"fusion-column-wrapper fusion-column-has-shadow fusion-flex-justify-content-flex-start fusion-content-layout-column\"><div class=\"fusion-title title fusion-title-1 fusion-sep-none fusion-title-center fusion-title-text fusion-title-size-one\" style=\"--awb-text-color:var(--awb-color5);--awb-margin-top-small:10px;--awb-margin-right-small:0px;--awb-margin-bottom-small:10px;--awb-margin-left-small:0px;\"><h1 class=\"fusion-title-heading title-heading-center\" style=\"margin:0;\">Partenaires et liens<\/h1><\/div><\/div><\/div><\/div><\/div><div class=\"fusion-fullwidth fullwidth-box fusion-builder-row-2 fusion-flex-container has-pattern-background has-mask-background nonhundred-percent-fullwidth non-hundred-percent-height-scrolling\" style=\"--awb-border-radius-top-left:0px;--awb-border-radius-top-right:0px;--awb-border-radius-bottom-right:0px;--awb-border-radius-bottom-left:0px;--awb-margin-top:20px;--awb-flex-wrap:wrap;\" ><div class=\"fusion-builder-row fusion-row fusion-flex-align-items-flex-start fusion-flex-content-wrap\" style=\"max-width:1248px;margin-left: calc(-4% \/ 2 );margin-right: calc(-4% \/ 2 );\"><div class=\"fusion-layout-column fusion_builder_column fusion-builder-column-1 fusion_builder_column_1_1 1_1 fusion-flex-column\" style=\"--awb-bg-size:cover;--awb-width-large:100%;--awb-margin-top-large:0px;--awb-spacing-right-large:1.92%;--awb-margin-bottom-large:20px;--awb-spacing-left-large:1.92%;--awb-width-medium:100%;--awb-order-medium:0;--awb-spacing-right-medium:1.92%;--awb-spacing-left-medium:1.92%;--awb-width-small:100%;--awb-order-small:0;--awb-spacing-right-small:1.92%;--awb-spacing-left-small:1.92%;\"><div class=\"fusion-column-wrapper fusion-column-has-shadow fusion-flex-justify-content-flex-start fusion-content-layout-column\"><div class=\"fusion-title title fusion-title-2 fusion-sep-none fusion-title-text fusion-title-size-two\" style=\"--awb-margin-top-small:10px;--awb-margin-right-small:0px;--awb-margin-bottom-small:10px;--awb-margin-left-small:0px;\"><h2 class=\"fusion-title-heading title-heading-left\" style=\"margin:0;\">Villes du Port-Marly, Marly-le-Roi et le Pecq \u2013 Unilys<\/h2><\/div><div class=\"fusion-text fusion-text-1\"><p>Les villes du Port-Marly, Marly-le-Roi et le Pecq, toutes trois propri\u00e9taires, sont financi\u00e8rement impliqu\u00e9es dans la gestion et le fonctionnement du ch\u00e2teau de Monte-Cristo.<br \/>\nC\u2019est avant tout un r\u00e9el lien de c\u0153ur qui unit ces villes \u00e0 la demeure d\u2019Alexandre Dumas puisque depuis 1970, les trois villes se battent pour sauvegarder ce lieu riche en souvenirs et en \u00e9motions.<\/p>\n<p>Le ch\u00e2teau de Monte-Cristo fait partie d\u2019Unilys qui g\u00e8re diff\u00e9rents syndicats intercommunaux de la Boucle de Seine.<\/p>\n<p>Mairie du Port-Marly : <a href=\"https:\/\/www.le-port-marly.fr\" target=\"_blank\" rel=\"noopener noreferrer\">www.le-port-marly.fr<\/a><br \/>\nMairie de Marly-le-Roi : <a href=\"https:\/\/www.marlyleroi.fr\" target=\"_blank\" rel=\"noopener noreferrer\">www.marlyleroi.fr<\/a><br \/>\nMairie du Pecq : <a href=\"https:\/\/www.ville-lepecq.fr\" target=\"_blank\" rel=\"noopener noreferrer\">www.ville-lepecq.fr<\/a><\/p>\n<p><a href=\"https:\/\/unilys.fr\/\" target=\"_blank\" rel=\"noopener noreferrer\">Unilys | Syndicats intercommunaux boucles des Yvelines<\/a><\/p>\n<\/div><\/div><\/div><\/div><\/div><div class=\"fusion-fullwidth fullwidth-box fusion-builder-row-3 fusion-flex-container has-pattern-background has-mask-background nonhundred-percent-fullwidth non-hundred-percent-height-scrolling\" style=\"--awb-border-radius-top-left:0px;--awb-border-radius-top-right:0px;--awb-border-radius-bottom-right:0px;--awb-border-radius-bottom-left:0px;--awb-margin-top:20px;--awb-flex-wrap:wrap;\" ><div class=\"fusion-builder-row fusion-row fusion-flex-align-items-flex-start fusion-flex-content-wrap\" style=\"max-width:1248px;margin-left: calc(-4% \/ 2 );margin-right: calc(-4% \/ 2 );\"><div class=\"fusion-layout-column fusion_builder_column fusion-builder-column-2 fusion_builder_column_1_1 1_1 fusion-flex-column\" style=\"--awb-bg-size:cover;--awb-width-large:100%;--awb-margin-top-large:0px;--awb-spacing-right-large:1.92%;--awb-margin-bottom-large:20px;--awb-spacing-left-large:1.92%;--awb-width-medium:100%;--awb-order-medium:0;--awb-spacing-right-medium:1.92%;--awb-spacing-left-medium:1.92%;--awb-width-small:100%;--awb-order-small:0;--awb-spacing-right-small:1.92%;--awb-spacing-left-small:1.92%;\"><div class=\"fusion-column-wrapper fusion-column-has-shadow fusion-flex-justify-content-flex-start fusion-content-layout-column\"><div class=\"fusion-title title fusion-title-3 fusion-sep-none fusion-title-text fusion-title-size-two\" style=\"--awb-margin-top-small:10px;--awb-margin-right-small:0px;--awb-margin-bottom-small:10px;--awb-margin-left-small:0px;\"><h2 class=\"fusion-title-heading title-heading-left\" style=\"margin:0;\">Soci\u00e9t\u00e9 des amis d\u2019Alexandre Dumas<\/h2><\/div><div class=\"fusion-text fusion-text-2\"><p>L\u2019association, cr\u00e9\u00e9e en 1970, est intimement li\u00e9e \u00e0 l\u2019histoire du ch\u00e2teau de Monte-Cristo. Son r\u00f4le aujourd\u2019hui est de promouvoir, de faire conna\u00eetre Dumas et son \u0153uvre en France comme \u00e0 l\u2019\u00e9tranger.<\/p>\n<p>Elle participe \u00e0 l\u2019actualit\u00e9 de Monte-Cristo en proposant de travailler sur des th\u00e8mes d\u2019exposition li\u00e9s \u00e0 Dumas en partenariat avec le Syndicat intercommunal de Monte-Cristo.<\/p>\n<p><a href=\"https:\/\/www.dumaspere.com\" target=\"_blank\" rel=\"noopener noreferrer\">www.dumaspere.com<\/a><\/p>\n<\/div><\/div><\/div><div class=\"fusion-layout-column fusion_builder_column fusion-builder-column-3 fusion_builder_column_1_1 1_1 fusion-flex-column\" style=\"--awb-bg-size:cover;--awb-width-large:100%;--awb-margin-top-large:0px;--awb-spacing-right-large:1.92%;--awb-margin-bottom-large:20px;--awb-spacing-left-large:1.92%;--awb-width-medium:100%;--awb-order-medium:0;--awb-spacing-right-medium:1.92%;--awb-spacing-left-medium:1.92%;--awb-width-small:100%;--awb-order-small:0;--awb-spacing-right-small:1.92%;--awb-spacing-left-small:1.92%;\"><div class=\"fusion-column-wrapper fusion-column-has-shadow fusion-flex-justify-content-flex-start fusion-content-layout-column\"><div class=\"fusion-title title fusion-title-4 fusion-sep-none fusion-title-text fusion-title-size-two\" style=\"--awb-margin-top-small:10px;--awb-margin-right-small:0px;--awb-margin-bottom-small:10px;--awb-margin-left-small:0px;\"><h2 class=\"fusion-title-heading title-heading-left\" style=\"margin:0;\">Soci\u00e9t\u00e9 des Gens de Lettres<\/h2><\/div><div class=\"fusion-text fusion-text-3\"><p>La Soci\u00e9t\u00e9 des Gens de Lettres ( cr\u00e9\u00e9e en 1838 avec Alexandre Dumas parmi ses membres) d\u00e9tient dans ses collections des documents concernant Alexandre Dumas, Alexandre Dumas fils et Alexandre Lippmann (arri\u00e8re petit-fils de l\u2019\u00e9crivain). Les collections sont constitu\u00e9es, entre autre, de peintures, gravures, objets. La Soci\u00e9t\u00e9 des Gens de Lettres a g\u00e9n\u00e9reusement propos\u00e9 de participer au d\u00e9veloppement de la connaissance de l\u2019\u00e9crivain en faisant un d\u00e9p\u00f4t de ses collections au ch\u00e2teau de Monte-Cristo. De nombreuses pi\u00e8ces sont expos\u00e9es dans les diff\u00e9rentes salles du ch\u00e2teau.<\/p>\n<p>La Soci\u00e9t\u00e9 des Gens de Lettres participe par cons\u00e9quent, en partenariat avec le Syndicat intercommunal de Monte-Cristo, \u00e0 l\u2019exposition permanente pr\u00e9sent\u00e9e au ch\u00e2teau. Elle poursuit son but, prot\u00e9ger et faire conna\u00eetre ses auteurs.<\/p>\n<p><a href=\"https:\/\/www.sgdl.org\" target=\"_blank\" rel=\"noopener noreferrer\">www.sgdl.org<\/a><\/p>\n<\/div><\/div><\/div><div class=\"fusion-layout-column fusion_builder_column fusion-builder-column-4 fusion_builder_column_1_1 1_1 fusion-flex-column\" style=\"--awb-bg-size:cover;--awb-width-large:100%;--awb-margin-top-large:0px;--awb-spacing-right-large:1.92%;--awb-margin-bottom-large:20px;--awb-spacing-left-large:1.92%;--awb-width-medium:100%;--awb-order-medium:0;--awb-spacing-right-medium:1.92%;--awb-spacing-left-medium:1.92%;--awb-width-small:100%;--awb-order-small:0;--awb-spacing-right-small:1.92%;--awb-spacing-left-small:1.92%;\"><div class=\"fusion-column-wrapper fusion-column-has-shadow fusion-flex-justify-content-flex-start fusion-content-layout-column\"><div class=\"fusion-title title fusion-title-5 fusion-sep-none fusion-title-text fusion-title-size-two\" style=\"--awb-margin-top-small:10px;--awb-margin-right-small:0px;--awb-margin-bottom-small:10px;--awb-margin-left-small:0px;\"><h2 class=\"fusion-title-heading title-heading-left\" style=\"margin:0;\">Office de tourisme de St Germain Boucles de Seine<\/h2><\/div><div class=\"fusion-text fusion-text-4\"><p>Depuis l\u2019ouverture au public du ch\u00e2teau et de son parc par le Syndicat intercommunal de Monte-Cristo, en 1994, l\u2019office de tourisme de Marly le Roi, aujourd\u2019hui Office de tourisme\u00a0St Germain Boucles de Seine, est partenaire du Ch\u00e2teau de Monte-Cristo quant \u00e0 la gestion de ses visites de groupes.<\/p>\n<p>Tout groupe souhaitant s\u2019inscrire pour venir d\u00e9couvrir Monte-Cristo doit prendre contact avec l\u2019office de tourisme qui est \u00e0 m\u00eame de proposer un certain nombre de services : choix d\u2019un guide conf\u00e9rencier, r\u00e9servation de places dans un restaurant, propositions de circuits \u00e0 la journ\u00e9e pour d\u00e9couvrir d\u2019autres richesses touristiques\u2026<\/p>\n<p>T\u00e9l.: 01\u00a030 87 20 63<br \/>\ncommercial@seine-saintgermain.fr<\/p>\n<\/div><\/div><\/div><div class=\"fusion-layout-column fusion_builder_column fusion-builder-column-5 fusion_builder_column_1_1 1_1 fusion-flex-column\" style=\"--awb-bg-size:cover;--awb-width-large:100%;--awb-margin-top-large:0px;--awb-spacing-right-large:1.92%;--awb-margin-bottom-large:20px;--awb-spacing-left-large:1.92%;--awb-width-medium:100%;--awb-order-medium:0;--awb-spacing-right-medium:1.92%;--awb-spacing-left-medium:1.92%;--awb-width-small:100%;--awb-order-small:0;--awb-spacing-right-small:1.92%;--awb-spacing-left-small:1.92%;\"><div class=\"fusion-column-wrapper fusion-column-has-shadow fusion-flex-justify-content-flex-start fusion-content-layout-column\"><div class=\"fusion-title title fusion-title-6 fusion-sep-none fusion-title-text fusion-title-size-two\" style=\"--awb-margin-top-small:10px;--awb-margin-right-small:0px;--awb-margin-bottom-small:10px;--awb-margin-left-small:0px;\"><h2 class=\"fusion-title-heading title-heading-left\" style=\"margin:0;\">Route des maisons d\u2019\u00e9crivains<\/h2><\/div><div class=\"fusion-text fusion-text-5\"><p>Le ch\u00e2teau de Monte-Cristo fait partie de <em>la Route des Maisons d\u2019Ecrivains<\/em>, un ensemble de lieux dans lesquels ont s\u00e9journ\u00e9, v\u00e9cu et \u00e9crit des \u00e9crivains illustres tels que Mallarm\u00e9, Chateaubriand, Zola, Michelet, Maeterlinck et bien d\u2019autres encore.<br \/>\nCes demeures sont situ\u00e9es en Ile de France et en Normandie. Elles ont toute leur vie propre et leurs caract\u00e9ristiques mais elles ont pour point commun d\u2019avoir \u00e9t\u00e9 sauvegard\u00e9es en hommage aux grands hommes qu\u2019elles ont abrit\u00e9s et qui y ont laiss\u00e9 leur marque.<\/p>\n<p>Pour les groupes, le ch\u00e2teau de Monte-Cristo peut se visiter dans le cadre d\u2019un circuit incluant d\u2019autres maisons d\u2019\u00e9crivains.<br \/>\nRenseignements : Office de tourisme St Germain Boucles de Seine : 01 30\u00a087 20 63<\/p>\n<p>Retrouvez quelques maisons de la <em>Route<\/em> sur leurs sites :<br \/>\n<a href=\"https:\/\/www.chateau-de-medan.fr\" target=\"_blank\" rel=\"noopener noreferrer\">Chateau de M\u00e9dan, maison de Maurice Maeterlinck<\/a><br \/>\n<a href=\"https:\/\/www.maison-triolet-aragon.com\" target=\"_blank\" rel=\"noopener noreferrer\">Maison d\u2019Elsa Triolet et de Louis Aragon<\/a><br \/>\n<a href=\"https:\/\/www.chateauvascoeuil.com\" target=\"_blank\" rel=\"noopener noreferrer\">Ch\u00e2teau de Vascoeuil, maison de Jules Michelet<\/a><br \/>\n<a href=\"https:\/\/www.tourgueniev.fr\" target=\"_blank\" rel=\"noopener noreferrer\">Datcha d\u2019Ivan Tourgueniev<\/a><\/p>\n<\/div><\/div><\/div><div class=\"fusion-layout-column fusion_builder_column fusion-builder-column-6 fusion_builder_column_1_1 1_1 fusion-flex-column\" style=\"--awb-bg-size:cover;--awb-width-large:100%;--awb-margin-top-large:0px;--awb-spacing-right-large:1.92%;--awb-margin-bottom-large:20px;--awb-spacing-left-large:1.92%;--awb-width-medium:100%;--awb-order-medium:0;--awb-spacing-right-medium:1.92%;--awb-spacing-left-medium:1.92%;--awb-width-small:100%;--awb-order-small:0;--awb-spacing-right-small:1.92%;--awb-spacing-left-small:1.92%;\"><div class=\"fusion-column-wrapper fusion-column-has-shadow fusion-flex-justify-content-flex-start fusion-content-layout-column\"><div class=\"fusion-title title fusion-title-7 fusion-sep-none fusion-title-text fusion-title-size-two\" style=\"--awb-margin-top-small:10px;--awb-margin-right-small:0px;--awb-margin-bottom-small:10px;--awb-margin-left-small:0px;\"><h2 class=\"fusion-title-heading title-heading-left\" style=\"margin:0;\">La F\u00e9d\u00e9ration des maisons d\u2019\u00e9crivain et des patrimoines litt\u00e9raires<\/h2><\/div><div class=\"fusion-text fusion-text-6\"><p>Le ch\u00e2teau de Monte-Cristo appartient \u00e0 la F\u00e9d\u00e9ration des maisons d\u2019\u00e9crivain et des patrimoines litt\u00e9raires dont l\u2019objectif est de promouvoir des lieux et des collections li\u00e9es \u00e0 des \u00e9crivains, de repr\u00e9senter ses adh\u00e9rents aupr\u00e8s des pouvoirs publics et de favoriser les \u00e9changes entre les adh\u00e9rents.<\/p>\n<p><a href=\"http:\/\/www.litterature-lieux.com\" target=\"_blank\" rel=\"noopener noreferrer\">www.litterature-lieux.com<\/a><\/p>\n<\/div><\/div><\/div><\/div><\/div><div class=\"fusion-fullwidth fullwidth-box fusion-builder-row-4 fusion-flex-container has-pattern-background has-mask-background nonhundred-percent-fullwidth non-hundred-percent-height-scrolling\" style=\"--awb-border-radius-top-left:0px;--awb-border-radius-top-right:0px;--awb-border-radius-bottom-right:0px;--awb-border-radius-bottom-left:0px;--awb-margin-top:30px;--awb-flex-wrap:wrap;\" ><div class=\"fusion-builder-row fusion-row fusion-flex-align-items-flex-start fusion-flex-content-wrap\" style=\"max-width:1248px;margin-left: calc(-4% \/ 2 );margin-right: calc(-4% \/ 2 );\"><div class=\"fusion-layout-column fusion_builder_column fusion-builder-column-7 fusion_builder_column_1_1 1_1 fusion-flex-column\" style=\"--awb-bg-size:cover;--awb-width-large:100%;--awb-margin-top-large:0px;--awb-spacing-right-large:1.92%;--awb-margin-bottom-large:20px;--awb-spacing-left-large:1.92%;--awb-width-medium:100%;--awb-order-medium:0;--awb-spacing-right-medium:1.92%;--awb-spacing-left-medium:1.92%;--awb-width-small:100%;--awb-order-small:0;--awb-spacing-right-small:1.92%;--awb-spacing-left-small:1.92%;\"><div class=\"fusion-column-wrapper fusion-column-has-shadow fusion-flex-justify-content-flex-start fusion-content-layout-column\"><div ><a class=\"fusion-button button-flat fusion-button-default-size button-default fusion-button-default button-1 fusion-button-default-span fusion-button-default-type\" target=\"_self\" data-hover=\"icon_rotate\" href=\"https:\/\/le-port-marly.net\/main\/annonces\/\"><i class=\"fa-angle-double-right fas awb-button__icon awb-button__icon--default button-icon-left\" aria-hidden=\"true\"><\/i><span class=\"fusion-button-text awb-button__text awb-button__text--default\">Annonces<\/span><\/a><\/div><\/div><\/div><\/div><\/div><\/p>\n","protected":false},"excerpt":{"rendered":"","protected":false},"author":1,"featured_media":0,"parent":0,"menu_order":0,"comment_status":"closed","ping_status":"closed","template":"100-width.php","meta":{"footnotes":""},"class_list":["post-1160","page","type-page","status-publish","hentry"],"_links":{"self":[{"href":"https:\/\/le-port-marly.net\/main\/wp-json\/wp\/v2\/pages\/1160","targetHints":{"allow":["GET"]}}],"collection":[{"href":"https:\/\/le-port-marly.net\/main\/wp-json\/wp\/v2\/pages"}],"about":[{"href":"https:\/\/le-port-marly.net\/main\/wp-json\/wp\/v2\/types\/page"}],"author":[{"embeddable":true,"href":"https:\/\/le-port-marly.net\/main\/wp-json\/wp\/v2\/users\/1"}],"replies":[{"embeddable":true,"href":"https:\/\/le-port-marly.net\/main\/wp-json\/wp\/v2\/comments?post=1160"}],"version-history":[{"count":9,"href":"https:\/\/le-port-marly.net\/main\/wp-json\/wp\/v2\/pages\/1160\/revisions"}],"predecessor-version":[{"id":1245,"href":"https:\/\/le-port-marly.net\/main\/wp-json\/wp\/v2\/pages\/1160\/revisions\/1245"}],"wp:attachment":[{"href":"https:\/\/le-port-marly.net\/main\/wp-json\/wp\/v2\/media?parent=1160"}],"curies":[{"name":"wp","href":"https:\/\/api.w.org\/{rel}","templated":true}]}}