{"id":1820,"date":"2026-04-28T16:03:29","date_gmt":"2026-04-28T14:03:29","guid":{"rendered":"https:\/\/le-port-marly.net\/main\/?page_id=1820"},"modified":"2026-04-28T19:46:15","modified_gmt":"2026-04-28T17:46:15","slug":"politique-de-confidentialite","status":"publish","type":"page","link":"https:\/\/le-port-marly.net\/main\/politique-de-confidentialite\/","title":{"rendered":"Politique de confidentialit\u00e9"},"content":{"rendered":"<p><div class=\"fusion-fullwidth fullwidth-box fusion-builder-row-1 fusion-flex-container has-pattern-background has-mask-background nonhundred-percent-fullwidth non-hundred-percent-height-scrolling\" style=\"--awb-border-radius-top-left:0px;--awb-border-radius-top-right:0px;--awb-border-radius-bottom-right:0px;--awb-border-radius-bottom-left:0px;--awb-padding-top:90px;--awb-padding-bottom:90px;--awb-padding-top-medium:70px;--awb-padding-bottom-medium:70px;--awb-padding-top-small:50px;--awb-padding-bottom-small:50px;--awb-margin-top:0px;--awb-margin-top-small:0px;--awb-background-color:var(--awb-color2);--awb-flex-wrap:wrap;\" ><div class=\"fusion-builder-row fusion-row fusion-flex-align-items-flex-start fusion-flex-content-wrap\" style=\"max-width:1248px;margin-left: calc(-4% \/ 2 );margin-right: calc(-4% \/ 2 );\"><div class=\"fusion-layout-column fusion_builder_column fusion-builder-column-0 fusion_builder_column_1_1 1_1 fusion-flex-column\" style=\"--awb-bg-size:cover;--awb-width-large:100%;--awb-margin-top-large:0px;--awb-spacing-right-large:1.92%;--awb-margin-bottom-large:20px;--awb-spacing-left-large:1.92%;--awb-width-medium:100%;--awb-order-medium:0;--awb-spacing-right-medium:1.92%;--awb-spacing-left-medium:1.92%;--awb-width-small:100%;--awb-order-small:0;--awb-spacing-right-small:1.92%;--awb-spacing-left-small:1.92%;\"><div class=\"fusion-column-wrapper fusion-column-has-shadow fusion-flex-justify-content-flex-start fusion-content-layout-column\"><div class=\"fusion-title title fusion-title-1 fusion-sep-none fusion-title-center fusion-title-text fusion-title-size-one\" style=\"--awb-text-color:var(--awb-color5);--awb-margin-top-small:10px;--awb-margin-right-small:0px;--awb-margin-bottom-small:10px;--awb-margin-left-small:0px;\"><h1 class=\"fusion-title-heading title-heading-center\" style=\"margin:0;\">Politique de confidentialit\u00e9<\/h1><\/div><\/div><\/div><\/div><\/div><div class=\"fusion-fullwidth fullwidth-box fusion-builder-row-2 fusion-flex-container has-pattern-background has-mask-background nonhundred-percent-fullwidth non-hundred-percent-height-scrolling\" style=\"--awb-border-radius-top-left:0px;--awb-border-radius-top-right:0px;--awb-border-radius-bottom-right:0px;--awb-border-radius-bottom-left:0px;--awb-margin-top:20px;--awb-flex-wrap:wrap;\" ><div class=\"fusion-builder-row fusion-row fusion-flex-align-items-flex-start fusion-flex-content-wrap\" style=\"max-width:1248px;margin-left: calc(-4% \/ 2 );margin-right: calc(-4% \/ 2 );\"><div class=\"fusion-layout-column fusion_builder_column fusion-builder-column-1 fusion_builder_column_1_1 1_1 fusion-flex-column\" style=\"--awb-bg-size:cover;--awb-width-large:100%;--awb-margin-top-large:0px;--awb-spacing-right-large:1.92%;--awb-margin-bottom-large:20px;--awb-spacing-left-large:1.92%;--awb-width-medium:100%;--awb-order-medium:0;--awb-spacing-right-medium:1.92%;--awb-spacing-left-medium:1.92%;--awb-width-small:100%;--awb-order-small:0;--awb-spacing-right-small:1.92%;--awb-spacing-left-small:1.92%;\"><div class=\"fusion-column-wrapper fusion-column-has-shadow fusion-flex-justify-content-flex-start fusion-content-layout-column\"><div class=\"fusion-text fusion-text-1\"><p>Le Ch\u00e2teau de Monte-Cristo accorde une grande importance \u00e0 la protection de vos donn\u00e9es personnelles et au respect de votre vie priv\u00e9e. \u00c0 ce titre, il s&rsquo;engage \u00e0 ce que les traitements de donn\u00e9es personnelles\u00a0qu\u2019il met en \u0153uvre soient conformes au R\u00e8glement G\u00e9n\u00e9ral sur la Protection des Donn\u00e9es (RGPD) et \u00e0 la Loi Informatique et Libert\u00e9s.<\/p>\n<p>La pr\u00e9sente Politique de traitement a pour objectif de vous informer des conditions dans lesquelles\u00a0le<strong> Ch\u00e2teau de Monte-Cristo<\/strong>, en sa qualit\u00e9 de\u00a0<strong>responsable de traitement<\/strong>, collecte, utilise, conserve et prot\u00e8ge vos donn\u00e9es personnelles. Elle compl\u00e8te l\u2019information port\u00e9e \u00e0 votre connaissance lorsque vous nous transmettez vos donn\u00e9es, notamment lors de la r\u00e9servation d\u2019une activit\u00e9 ou d\u2019une visite guid\u00e9e pour individuels que ce soit sur notre <strong>site internet<\/strong>, directement <strong>sur place<\/strong> au Ch\u00e2teau de Monte-Cristo ou <strong>via l\u2019Office de tourisme de Saint Germain Boucles de<\/strong> Seine pour les visites de groupes.<\/p>\n<p>Cette Politique est accessible \u00e0 tous et en permanence depuis le site internet du Ch\u00e2teau de Monte-Cristo \u2013 [www.chateau-monte-cristo.com] \u00e0 la rubrique \u00ab\u00a0<em><a href=\"https:\/\/le-port-marly.net\/main\/politique-de-confidentialite\/\">Politique de confidentialit\u00e9<\/a>\u00ab\u00a0.<\/em><\/p>\n<\/div><div class=\"fusion-title title fusion-title-2 fusion-sep-none fusion-title-text fusion-title-size-two\" style=\"--awb-margin-top-small:10px;--awb-margin-right-small:0px;--awb-margin-bottom-small:10px;--awb-margin-left-small:0px;\"><h2 class=\"fusion-title-heading title-heading-left\" style=\"margin:0;\">Identit\u00e9 et coordonn\u00e9es du responsable de traitement<\/h2><\/div><div class=\"fusion-text fusion-text-2\"><p><strong>Le responsable de traitement est le<\/strong> <strong>Syndicat pour l&rsquo;am\u00e9nagement de la propri\u00e9t\u00e9 de Monte-Cristo<\/strong> qui est en charge de la gestion du Ch\u00e2teau de Monte-Cristo et dont le si\u00e8ge social se situe \u00e0 la Mairie de Marly-le-Roi, Pl. du G\u00e9n\u00e9ral Charles de Gaulle, 78160 Marly-le-Roi.<\/p>\n<p>Vous pouvez contacter le Ch\u00e2teau de Monte-Cristo\u00a0:<\/p>\n<ul>\n<li>\u00c0 <strong>l\u2019adresse postale<\/strong> suivante<strong>: <\/strong><br \/>\nCh\u00e2teau de Monte-Cristo,<br \/>\nChemin du Haut des Ormes,<br \/>\n78560 Le Port-Marly<\/li>\n<\/ul>\n<ul>\n<li>Par<strong> t\u00e9l\u00e9phone <\/strong>au\u00a0: 01 39 16 49 49<\/li>\n<li>Par<strong> mail <\/strong>: <a href=\"mailto:contact@chateau-monte-cristo.com\">contact@chateau-monte-cristo.com<\/a><\/li>\n<\/ul>\n<\/div><div class=\"fusion-title title fusion-title-3 fusion-sep-none fusion-title-text fusion-title-size-two\" style=\"--awb-margin-top-small:10px;--awb-margin-right-small:0px;--awb-margin-bottom-small:10px;--awb-margin-left-small:0px;\"><h2 class=\"fusion-title-heading title-heading-left\" style=\"margin:0;\">Quelles sont les donn\u00e9es trait\u00e9es ?<\/h2><\/div><div class=\"fusion-text fusion-text-3\"><p><em>Les \u00ab donn\u00e9es personnelles \u00bb sont toute information permettant l\u2019identification directe ou indirecte d\u2019une personne physique.<\/em><\/p>\n<p>Nous pouvons \u00eatre amen\u00e9s \u00e0 traiter les donn\u00e9es personnelles suivantes :<\/p>\n<ul>\n<li>Donn\u00e9es d\u2019identification : Pr\u00e9nom, Nom<\/li>\n<li>Donn\u00e9es de contact : Adresse e-mail et Num\u00e9ro de t\u00e9l\u00e9phone<\/li>\n<li>Donn\u00e9es financi\u00e8res : Informations li\u00e9es au moyen de paiement<\/li>\n<\/ul>\n<p>Nous ne conservons pas vos donn\u00e9es de carte bancaire. Celles-ci sont directement transmises de mani\u00e8re s\u00e9curis\u00e9e \u00e0 notre prestataire de services de paiement, seul habilit\u00e9 \u00e0 les traiter pour la r\u00e9alisation de la transaction.<\/p>\n<ul>\n<li>Donn\u00e9es techniques : donn\u00e9es de connexions<\/li>\n<\/ul>\n<p>Si vous demandez une facture d\u00e9taill\u00e9e :<\/p>\n<ul>\n<li>Donn\u00e9es de localisation ou de g\u00e9olocalisation : Adresse postale<\/li>\n<\/ul>\n<p>Dans le cadre des activit\u00e9s collectives destin\u00e9es aux enfants nous collectons :<\/p>\n<ul>\n<li>Donn\u00e9es d\u2019identification : Pr\u00e9nom et \u00e2ge de chaque enfant<\/li>\n<\/ul>\n<p>Lors de la collecte de vos donn\u00e9es, les informations qu\u2019il est obligatoire de renseigner sont signal\u00e9es par un ast\u00e9risque. Ces informations sont n\u00e9cessaires \u00e0 l\u2019ex\u00e9cution de votre demande.<\/p>\n<\/div><div class=\"fusion-title title fusion-title-4 fusion-sep-none fusion-title-text fusion-title-size-two\" style=\"--awb-margin-top-small:10px;--awb-margin-right-small:0px;--awb-margin-bottom-small:10px;--awb-margin-left-small:0px;\"><h2 class=\"fusion-title-heading title-heading-left\" style=\"margin:0;\">Pourquoi et comment traitons-nous vos donn\u00e9es\u00a0?<\/h2><\/div><div class=\"fusion-text fusion-text-4\"><ul>\n<li><em>Un \u00ab traitement de donn\u00e9es personnelles \u00bb d\u00e9signe toute op\u00e9ration r\u00e9alis\u00e9e sur des donn\u00e9es personnelles, comme leur collecte, leur utilisation, leur conservation ou leur suppression.<\/em><\/li>\n<li><em>Une \u00ab finalit\u00e9 \u00bb correspond \u00e0 l\u2019objectif pr\u00e9cis pour lequel vos donn\u00e9es personnelles sont collect\u00e9es et utilis\u00e9es.<\/em><\/li>\n<li><em>Un \u00ab fondement juridique \u00bb est l\u2019une des bases l\u00e9gales pr\u00e9vues par le RGPD qui autorise un traitement de donn\u00e9es personnelles. Le RGPD en pr\u00e9voit six principales, notamment le consentement, l\u2019ex\u00e9cution d\u2019un contrat, le respect d\u2019une obligation l\u00e9gale, la sauvegarde des int\u00e9r\u00eats vitaux, l\u2019ex\u00e9cution d\u2019une mission d\u2019int\u00e9r\u00eat public et l\u2019int\u00e9r\u00eat l\u00e9gitime du responsable de traitement.<\/em><\/li>\n<\/ul>\n<p>Le Ch\u00e2teau de Monte-Cristo traite vos donn\u00e9es uniquement sur la base d\u2019un fondement juridique pr\u00e9vu par le RGPD, et pour des finalit\u00e9s d\u00e9termin\u00e9es, explicites, l\u00e9gitimes et de mani\u00e8re proportionn\u00e9e. Ainsi, nous collectons, enregistrons, archivons et supprimons vos donn\u00e9es d\u2019une part pour les besoins de\u00a0<strong>l\u2019ex\u00e9cution du contrat<\/strong>\u00a0avec vous pour :<\/p>\n<ul>\n<li>Enregistrer votre r\u00e9servation<\/li>\n<li>G\u00e9rer les r\u00e9servations et l\u2019affluence au Ch\u00e2teau<\/li>\n<li>Pr\u00e9parer l\u2019accueil des visiteurs et l\u2019animation souscrite<\/li>\n<li>Adapter l\u2019encadrement en fonction de l\u2019\u00e2ge<\/li>\n<li>Percevoir les paiements<\/li>\n<\/ul>\n<p>Nous traitons \u00e9galement vos donn\u00e9es sur la base de votre<strong> consentement<\/strong>\u00a0afin :<\/p>\n<ul>\n<li>de vous Envoyer la programmation culturelle du Ch\u00e2teau<\/li>\n<li>de Capter et de diffuser votre image<\/li>\n<\/ul>\n<\/div><div class=\"fusion-title title fusion-title-5 fusion-sep-none fusion-title-text fusion-title-size-two\" style=\"--awb-margin-top-small:10px;--awb-margin-right-small:0px;--awb-margin-bottom-small:10px;--awb-margin-left-small:0px;\"><h2 class=\"fusion-title-heading title-heading-left\" style=\"margin:0;\">Combien de temps conservons-nous vos donn\u00e9es personnelles ?<\/h2><\/div><div class=\"fusion-text fusion-text-5\"><ul>\n<li><em>Une \u00ab\u00a0dur\u00e9e de conservation\u00a0\u00bb d\u00e9signe la p\u00e9riode pendant laquelle les donn\u00e9es personnelles sont conserv\u00e9es avant d\u2019\u00eatre supprim\u00e9es ou anonymis\u00e9es, en fonction de la finalit\u00e9 du traitement et des obligations l\u00e9gales.<\/em><\/li>\n<\/ul>\n<p>Nous veillons \u00e0 conserver vos donn\u00e9es personnelles\u00a0<strong>uniquement le temps n\u00e9cessaire \u00e0 la r\u00e9alisation de chacun des objectifs pr\u00e9sent\u00e9s <\/strong>dans cette Politique et conform\u00e9ment aux dur\u00e9es de conservation r\u00e8glementaire d\u00e9termin\u00e9es\u00a0:<\/p>\n<ul>\n<li>Les\u00a0informations comptables relatives \u00e0 vos achats sont conserv\u00e9es\u00a0pendant une p\u00e9riode de\u00a0<strong>dix (10) ann\u00e9es<\/strong>afin de remplir nos obligations l\u00e9gales.<\/li>\n<li>Votre adresse mail est conserv\u00e9es <strong>jusqu\u2019au retrait de votre consentement<\/strong><\/li>\n<li>Les donn\u00e9es relatives aux participants mineurs sont <strong>supprim\u00e9es d\u00e8s l\u2019issue de l\u2019activit\u00e9<\/strong> \u00e0 laquelle ils ont particip\u00e9.<\/li>\n<\/ul>\n<\/div><div class=\"fusion-title title fusion-title-6 fusion-sep-none fusion-title-text fusion-title-size-two\" style=\"--awb-margin-top-small:10px;--awb-margin-right-small:0px;--awb-margin-bottom-small:10px;--awb-margin-left-small:0px;\"><h2 class=\"fusion-title-heading title-heading-left\" style=\"margin:0;\">Qui a acc\u00e8s \u00e0 vos donn\u00e9es ?<\/h2><\/div><div class=\"fusion-text fusion-text-6\"><ul>\n<li><em>Les \u00ab\u00a0destinataires des donn\u00e9es\u00a0\u00bb sont des personnes physiques ou morales qui re\u00e7oivent communication des donn\u00e9es personnelles, qu\u2019il s\u2019agisse de services internes, de sous-traitants agissant pour le compte du responsable de traitement, des autorit\u00e9s publiques lorsque la loi l\u2019exige, ou tout tiers d\u00fbment habilit\u00e9 ou l\u00e9gitime \u00e0 en recevoir communication.<\/em><\/li>\n<\/ul>\n<p>Vos donn\u00e9es sont trait\u00e9es par les agents du Ch\u00e2teau de Monte-Cristo d\u00fbment habilit\u00e9s.<\/p>\n<p>Elles peuvent \u00e9galement \u00eatre transmises ou transit\u00e9s par ses sous-traitants et partenaires\u00a0dans la limite de leurs attributions respectives\u00a0:<\/p>\n<\/div>\n<div class=\"table-1\">\n<table width=\"100%\">\n<thead>\n<tr>\n<th align=\"left\">Qualit\u00e9<\/th>\n<th align=\"left\">Identit\u00e9<\/th>\n<th align=\"left\">Fonction<\/th>\n<\/tr>\n<\/thead>\n<tbody>\n<tr>\n<td align=\"left\"><strong>SOUS-TRAITANTS<\/strong><\/td>\n<td align=\"left\">Guidap Payments<\/td>\n<td align=\"left\">\n<ul>\n<li>Gestionnaire de r\u00e9servation<\/li>\n<li>Prestataire de paiement en ligne<\/li>\n<\/ul>\n<\/td>\n<\/tr>\n<tr>\n<td align=\"left\"><strong>PARTENAIRES<\/strong><\/td>\n<td align=\"left\">Office de tourisme de Saint Germain Boucles de Seine<\/td>\n<td align=\"left\">\n<ul>\n<li>Gestion des r\u00e9servations de visites de groupes (libres, guid\u00e9es et\/ou th\u00e9\u00e2tralis\u00e9es)<\/li>\n<\/ul>\n<\/td>\n<\/tr>\n<\/tbody>\n<\/table>\n<\/div>\n<div class=\"fusion-text fusion-text-7\" style=\"--awb-margin-top:20px;\"><p>Enfin, les donn\u00e9es peuvent \u00eatre transmises aux\u00a0<strong>autorit\u00e9s publiques comp\u00e9tentes<\/strong>, \u00e0 leur demande, ou afin de nous conformer \u00e0 d\u2019autres obligations l\u00e9gales.<\/p>\n<\/div><div class=\"fusion-title title fusion-title-7 fusion-sep-none fusion-title-text fusion-title-size-two\" style=\"--awb-margin-top-small:10px;--awb-margin-right-small:0px;--awb-margin-bottom-small:10px;--awb-margin-left-small:0px;\"><h2 class=\"fusion-title-heading title-heading-left\" style=\"margin:0;\">S\u00e9curit\u00e9 et stockage des donn\u00e9es<\/h2><\/div><div class=\"fusion-text fusion-text-8\"><p>Les mesures n\u00e9cessaires sont mises en \u0153uvre pour assurer la s\u00e9curit\u00e9 et la confidentialit\u00e9 de vos donn\u00e9es afin d\u2019emp\u00eacher leur perte, leur destruction, leur mauvaise utilisation et tout acc\u00e8s non autoris\u00e9. Cela passe notamment par des mesures de chiffrement, de limitation des acc\u00e8s, \u2026<\/p>\n<p>Nous avons fait le choix de prestataires qui s\u2019engagent \u00e0 stocker les donn\u00e9es sur le territoire de l\u2019Union europ\u00e9enne.<\/p>\n<p>Dans le cas o\u00f9, par exception, un prestataire serait amen\u00e9 \u00e0 transf\u00e9rer des donn\u00e9es hors du territoire de l\u2019Union europ\u00e9enne, nous nous assurons que les traitements mis en \u0153uvre respectent un niveau de protection des donn\u00e9es personnelles correspondant \u00e0 celui exig\u00e9 par la r\u00e8glementation applicable (RGPD).<\/p>\n<\/div><div class=\"fusion-title title fusion-title-8 fusion-sep-none fusion-title-text fusion-title-size-two\" style=\"--awb-margin-top-small:10px;--awb-margin-right-small:0px;--awb-margin-bottom-small:10px;--awb-margin-left-small:0px;\"><h2 class=\"fusion-title-heading title-heading-left\" style=\"margin:0;\">Vos droits et les modalit\u00e9s de leur exercice<\/h2><\/div><div class=\"fusion-text fusion-text-9\"><p>Conform\u00e9ment \u00e0 la r\u00e8glementation applicable, vous disposez de\u00a0diff\u00e9rents droits sur le traitement de vos donn\u00e9es\u00a0que vous pouvez exercer \u00e0 tout moment. Notez que ces droits varient en fonction du fondement du traitement\u00a0:<\/p>\n<\/div>\n<div class=\"table-1\">\n<table width=\"100%\">\n<thead>\n<tr>\n<th align=\"left\"><strong>Base l\u00e9gale <\/strong><\/th>\n<th align=\"left\"><strong>Vos droits<\/strong><\/th>\n<\/tr>\n<\/thead>\n<tbody>\n<tr>\n<td align=\"left\">CONSENTEMENT<\/td>\n<td align=\"left\">\n<ul>\n<li>Acc\u00e8s \u2013 obtenir une copie des donn\u00e9es<\/li>\n<li>Rectification \u2013 corriger des donn\u00e9es inexactes<\/li>\n<li>Effacement \u2013 demander la suppression des donn\u00e9es d\u00e9tenues<\/li>\n<li>Limitation \u2013 suspendre temporairement l\u2019utilisation des donn\u00e9es dans certains cas<\/li>\n<li>Portabilit\u00e9 \u2013 r\u00e9cup\u00e9rer ses donn\u00e9es dans un format r\u00e9utilisable<\/li>\n<li>Retrait du consentement \u00e0 tout moment<\/li>\n<\/ul>\n<\/td>\n<\/tr>\n<tr>\n<td align=\"left\">CONTRAT<\/td>\n<td align=\"left\">\n<ul>\n<li>Acc\u00e8s \u2013 obtenir une copie des donn\u00e9es<\/li>\n<li>Rectification \u2013 corriger des donn\u00e9es inexactes<\/li>\n<li>Effacement \u2013 demander la suppression des donn\u00e9es d\u00e9tenues<\/li>\n<li>Limitation \u2013 suspendre temporairement l\u2019utilisation des donn\u00e9es dans certains cas<\/li>\n<li>Portabilit\u00e9 \u2013 r\u00e9cup\u00e9rer ses donn\u00e9es dans un format r\u00e9utilisable<\/li>\n<li>Opposition \u2013 s\u2019opposer \u00e0 certains traitements, lorsque cela est possible<\/li>\n<\/ul>\n<\/td>\n<\/tr>\n<\/tbody>\n<\/table>\n<\/div>\n<div class=\"fusion-text fusion-text-10\" style=\"--awb-margin-top:20px;\"><p>Pour exercer une demande de droit, ou pour toute information suppl\u00e9mentaire relative \u00e0 la gestion de vos donn\u00e9es personnelles, vous pouvez contacter le d\u00e9l\u00e9gu\u00e9 \u00e0 la protection des donn\u00e9es du Ch\u00e2teau de Monte-Cristo\u00a0:<\/p>\n<ul>\n<li>Par mail\u00a0: <a href=\"mailto:dpd@cigversailles.fr\">dpd@cigversailles.fr<\/a><\/li>\n<li>Par courrier\u00a0: 5 Rue Moli\u00e8re, 78000 Versailles<\/li>\n<\/ul>\n<p>Vous pouvez \u00e9galement vous adresser directement au Ch\u00e2teau de Monte-Cristo aux coordonn\u00e9es indiqu\u00e9es \u00e0 la partie <strong>Identit\u00e9 et coordonn\u00e9es du responsable de traitement <\/strong>de la pr\u00e9sente Politique.<\/p>\n<p>Si apr\u00e8s nous avoir contact\u00e9s, vous estimez que vos droits ne sont pas respect\u00e9s, vous pouvez adresser une r\u00e9clamation \u00e0 la CNIL sur son site web\u00a0: <a href=\"https:\/\/www.cnil.fr\/fr\/plaintes\">https:\/\/www.cnil.fr\/fr\/plaintes<\/a> ou par courrier postal en \u00e9crivant \u00e0\u00a0: CNIL &#8211; Service des Plaintes &#8211; 3 Place de Fontenoy &#8211; 75007\u00a0PARIS.<\/p>\n<\/div><div class=\"fusion-separator fusion-full-width-sep\" style=\"align-self: center;margin-left: auto;margin-right: auto;margin-top:20px;margin-bottom:20px;width:100%;\"><div class=\"fusion-separator-border sep-single sep-solid\" style=\"--awb-height:20px;--awb-amount:20px;border-color:var(--awb-color3);border-top-width:1px;\"><\/div><\/div><div class=\"fusion-text fusion-text-11\"><p style=\"text-align: center;\">Derni\u00e8re mise \u00e0 jour : Avril 2026<\/p>\n<\/div><\/div><\/div><\/div><\/div><\/p>\n","protected":false},"excerpt":{"rendered":"","protected":false},"author":1,"featured_media":0,"parent":0,"menu_order":0,"comment_status":"closed","ping_status":"closed","template":"100-width.php","meta":{"footnotes":""},"class_list":["post-1820","page","type-page","status-publish","hentry"],"_links":{"self":[{"href":"https:\/\/le-port-marly.net\/main\/wp-json\/wp\/v2\/pages\/1820","targetHints":{"allow":["GET"]}}],"collection":[{"href":"https:\/\/le-port-marly.net\/main\/wp-json\/wp\/v2\/pages"}],"about":[{"href":"https:\/\/le-port-marly.net\/main\/wp-json\/wp\/v2\/types\/page"}],"author":[{"embeddable":true,"href":"https:\/\/le-port-marly.net\/main\/wp-json\/wp\/v2\/users\/1"}],"replies":[{"embeddable":true,"href":"https:\/\/le-port-marly.net\/main\/wp-json\/wp\/v2\/comments?post=1820"}],"version-history":[{"count":23,"href":"https:\/\/le-port-marly.net\/main\/wp-json\/wp\/v2\/pages\/1820\/revisions"}],"predecessor-version":[{"id":1846,"href":"https:\/\/le-port-marly.net\/main\/wp-json\/wp\/v2\/pages\/1820\/revisions\/1846"}],"wp:attachment":[{"href":"https:\/\/le-port-marly.net\/main\/wp-json\/wp\/v2\/media?parent=1820"}],"curies":[{"name":"wp","href":"https:\/\/api.w.org\/{rel}","templated":true}]}}