{"id":432,"date":"2026-03-13T11:13:50","date_gmt":"2026-03-13T10:13:50","guid":{"rendered":"https:\/\/le-port-marly.net\/main\/?page_id=432"},"modified":"2026-03-23T10:28:26","modified_gmt":"2026-03-23T09:28:26","slug":"sauver-monte-cristo","status":"publish","type":"page","link":"https:\/\/le-port-marly.net\/main\/sauver-monte-cristo\/","title":{"rendered":"Sauver Monte-Cristo"},"content":{"rendered":"<p><div class=\"fusion-fullwidth fullwidth-box fusion-builder-row-1 fusion-flex-container has-pattern-background has-mask-background fusion-parallax-none nonhundred-percent-fullwidth non-hundred-percent-height-scrolling\" style=\"--awb-border-radius-top-left:0px;--awb-border-radius-top-right:0px;--awb-border-radius-bottom-right:0px;--awb-border-radius-bottom-left:0px;--awb-padding-top:130px;--awb-padding-bottom:130px;--awb-margin-top:0px;--awb-margin-bottom:20px;--awb-background-image:url(&quot;https:\/\/le-port-marly.net\/main\/wp-content\/uploads\/2026\/03\/14_mcr_282_h731_tiny.jpg&quot;);--awb-background-size:cover;--awb-flex-wrap:wrap;\" ><div class=\"fusion-builder-row fusion-row fusion-flex-align-items-flex-start fusion-flex-content-wrap\" style=\"max-width:1248px;margin-left: calc(-4% \/ 2 );margin-right: calc(-4% \/ 2 );\"><div class=\"fusion-layout-column fusion_builder_column fusion-builder-column-0 fusion_builder_column_1_1 1_1 fusion-flex-column\" style=\"--awb-bg-size:cover;--awb-width-large:100%;--awb-margin-top-large:0px;--awb-spacing-right-large:1.92%;--awb-margin-bottom-large:20px;--awb-spacing-left-large:1.92%;--awb-width-medium:100%;--awb-order-medium:0;--awb-spacing-right-medium:1.92%;--awb-spacing-left-medium:1.92%;--awb-width-small:100%;--awb-order-small:0;--awb-spacing-right-small:1.92%;--awb-spacing-left-small:1.92%;\"><div class=\"fusion-column-wrapper fusion-column-has-shadow fusion-flex-justify-content-flex-start fusion-content-layout-column\"><div class=\"fusion-title title fusion-title-1 fusion-sep-none fusion-title-center fusion-title-text fusion-title-size-one\" style=\"--awb-text-color:var(--awb-color1);--awb-margin-top-small:10px;--awb-margin-right-small:0px;--awb-margin-bottom-small:10px;--awb-margin-left-small:0px;\"><h1 class=\"fusion-title-heading title-heading-center\" style=\"margin:0;text-shadow:0px 0px 10px var(--awb-custom_color_1);\">Sauver Monte-Cristo<\/h1><\/div><\/div><\/div><\/div><\/div><div class=\"fusion-fullwidth fullwidth-box fusion-builder-row-2 fusion-flex-container has-pattern-background has-mask-background nonhundred-percent-fullwidth non-hundred-percent-height-scrolling\" style=\"--awb-border-radius-top-left:0px;--awb-border-radius-top-right:0px;--awb-border-radius-bottom-right:0px;--awb-border-radius-bottom-left:0px;--awb-flex-wrap:wrap;\" ><div class=\"fusion-builder-row fusion-row fusion-flex-align-items-flex-start fusion-flex-content-wrap\" style=\"max-width:1248px;margin-left: calc(-4% \/ 2 );margin-right: calc(-4% \/ 2 );\"><div class=\"fusion-layout-column fusion_builder_column fusion-builder-column-1 fusion_builder_column_1_1 1_1 fusion-flex-column\" style=\"--awb-bg-size:cover;--awb-width-large:100%;--awb-margin-top-large:0px;--awb-spacing-right-large:1.92%;--awb-margin-bottom-large:20px;--awb-spacing-left-large:1.92%;--awb-width-medium:100%;--awb-order-medium:0;--awb-spacing-right-medium:1.92%;--awb-spacing-left-medium:1.92%;--awb-width-small:100%;--awb-order-small:0;--awb-spacing-right-small:1.92%;--awb-spacing-left-small:1.92%;\"><div class=\"fusion-column-wrapper fusion-column-has-shadow fusion-flex-justify-content-flex-start fusion-content-layout-column\"><div class=\"fusion-title title fusion-title-2 fusion-sep-none fusion-title-text fusion-title-size-two\" style=\"--awb-margin-top-small:10px;--awb-margin-right-small:0px;--awb-margin-bottom-small:10px;--awb-margin-left-small:0px;\"><h2 class=\"fusion-title-heading title-heading-left\" style=\"margin:0;\">Deux entit\u00e9s pour sauver Monte-Cristo<\/h2><\/div><div class=\"fusion-text fusion-text-1\"><p>Monte-Cristo est un monument dont l\u2019architecture est remarquable et dont le g\u00e9nie du cr\u00e9ateur n\u2019est plus \u00e0 d\u00e9montrer.<br \/>\nPourtant, en 1969, la propri\u00e9t\u00e9 est menac\u00e9e de destruction au profit d\u2019un vaste projet immobilier.<br \/>\nUn combat est alors men\u00e9 de front par les trois villes de Marly le roi, le Port Marly et le Pecq qui se r\u00e9unissent et cr\u00e9ent un Syndicat intercommunal ainsi que par une association, la Soci\u00e9t\u00e9 des amis d\u2019Alexandre Dumas.<\/p>\n<\/div><div class=\"fusion-title title fusion-title-3 fusion-sep-none fusion-title-text fusion-title-size-three\" style=\"--awb-margin-top-small:10px;--awb-margin-right-small:0px;--awb-margin-bottom-small:10px;--awb-margin-left-small:0px;\"><h3 class=\"fusion-title-heading title-heading-left\" style=\"margin:0;\">Le Syndicat intercommunal de Monte-Cristo<\/h3><\/div><\/div><\/div><div class=\"fusion-layout-column fusion_builder_column fusion-builder-column-2 fusion_builder_column_1_1 1_1 fusion-flex-column\" style=\"--awb-bg-size:cover;--awb-width-large:100%;--awb-margin-top-large:0px;--awb-spacing-right-large:1.92%;--awb-margin-bottom-large:20px;--awb-spacing-left-large:1.92%;--awb-width-medium:100%;--awb-order-medium:0;--awb-spacing-right-medium:1.92%;--awb-spacing-left-medium:1.92%;--awb-width-small:100%;--awb-order-small:0;--awb-spacing-right-small:1.92%;--awb-spacing-left-small:1.92%;\"><div class=\"fusion-column-wrapper fusion-column-has-shadow fusion-flex-justify-content-flex-start fusion-content-layout-column\"><div class=\"fusion-text fusion-text-2\"><p>Propri\u00e9taire et gestionnaire du ch\u00e2teau, le Syndicat Intercommunal pour l\u2019am\u00e9nagement de la propri\u00e9t\u00e9 de Monte-Cristo regroupe les villes de : Le Port-Marly, Marly le Roi et Le Pecq.<\/p>\n<p>Le Syndicat intercommunal de Monte-Cristo devient propri\u00e9taire du ch\u00e2teau et de son parc en 1970. Il sauve par cons\u00e9quent le ch\u00e2teau de Monte-Cristo de la destruction. Depuis, il multiplie ses efforts afin de restaurer et de pr\u00e9server le site qu\u2019il a fait classer monument historique.<\/p>\n<\/div><\/div><\/div><div class=\"fusion-layout-column fusion_builder_column fusion-builder-column-3 fusion_builder_column_1_2 1_2 fusion-flex-column\" style=\"--awb-bg-size:cover;--awb-width-large:50%;--awb-margin-top-large:0px;--awb-spacing-right-large:3.84%;--awb-margin-bottom-large:20px;--awb-spacing-left-large:3.84%;--awb-width-medium:50%;--awb-order-medium:0;--awb-spacing-right-medium:3.84%;--awb-spacing-left-medium:3.84%;--awb-width-small:100%;--awb-order-small:0;--awb-spacing-right-small:1.92%;--awb-spacing-left-small:1.92%;\"><div class=\"fusion-column-wrapper fusion-column-has-shadow fusion-flex-justify-content-flex-start fusion-content-layout-column\"><div class=\"fusion-text fusion-text-3\"><p>Le ch\u00e2teau de Monte-Cristo et le ch\u00e2teau d\u2019If ont subi une restauration compl\u00e8te (fa\u00e7ades, toitures, escaliers, d\u00e9corations int\u00e9rieures, cr\u00e9ation d\u2019une biblioth\u00e8que \u2026). A ces travaux d\u2019envergure, se sont ajout\u00e9es la restauration et la r\u00e9alisation du parc ainsi que la mise en place de structures d\u2019accueil. Le salon mauresque a \u00e9t\u00e9 enti\u00e8rement restaur\u00e9 par des artisans marocains gr\u00e2ce au m\u00e9c\u00e9nat du roi Hassan II du Maroc.<\/p>\n<\/div><\/div><\/div><div class=\"fusion-layout-column fusion_builder_column fusion-builder-column-4 fusion_builder_column_1_2 1_2 fusion-flex-column\" style=\"--awb-bg-size:cover;--awb-width-large:50%;--awb-margin-top-large:0px;--awb-spacing-right-large:3.84%;--awb-margin-bottom-large:20px;--awb-spacing-left-large:3.84%;--awb-width-medium:50%;--awb-order-medium:0;--awb-spacing-right-medium:3.84%;--awb-spacing-left-medium:3.84%;--awb-width-small:100%;--awb-order-small:0;--awb-spacing-right-small:1.92%;--awb-spacing-left-small:1.92%;\"><div class=\"fusion-column-wrapper fusion-column-has-shadow fusion-flex-justify-content-flex-start fusion-content-layout-column\"><div class=\"fusion-image-element \" style=\"--awb-caption-title-font-family:var(--h2_typography-font-family);--awb-caption-title-font-weight:var(--h2_typography-font-weight);--awb-caption-title-font-style:var(--h2_typography-font-style);--awb-caption-title-size:var(--h2_typography-font-size);--awb-caption-title-transform:var(--h2_typography-text-transform);--awb-caption-title-line-height:var(--h2_typography-line-height);--awb-caption-title-letter-spacing:var(--h2_typography-letter-spacing);\"><span class=\" fusion-imageframe imageframe-none imageframe-1 hover-type-none\"><img decoding=\"async\" width=\"1024\" height=\"668\" title=\"Restauration du Salon Mauresque\" src=\"https:\/\/le-port-marly.net\/main\/wp-content\/uploads\/2026\/03\/restaurationSalonMauresque_1024_tiny.jpg\" alt class=\"img-responsive wp-image-455\" srcset=\"https:\/\/le-port-marly.net\/main\/wp-content\/uploads\/2026\/03\/restaurationSalonMauresque_1024_tiny-200x130.jpg 200w, https:\/\/le-port-marly.net\/main\/wp-content\/uploads\/2026\/03\/restaurationSalonMauresque_1024_tiny-400x261.jpg 400w, https:\/\/le-port-marly.net\/main\/wp-content\/uploads\/2026\/03\/restaurationSalonMauresque_1024_tiny-600x391.jpg 600w, https:\/\/le-port-marly.net\/main\/wp-content\/uploads\/2026\/03\/restaurationSalonMauresque_1024_tiny-800x522.jpg 800w, https:\/\/le-port-marly.net\/main\/wp-content\/uploads\/2026\/03\/restaurationSalonMauresque_1024_tiny.jpg 1024w\" sizes=\"(max-width: 640px) 100vw, 600px\" \/><\/span><\/div><\/div><\/div><div class=\"fusion-layout-column fusion_builder_column fusion-builder-column-5 fusion_builder_column_1_1 1_1 fusion-flex-column\" style=\"--awb-bg-size:cover;--awb-width-large:100%;--awb-margin-top-large:0px;--awb-spacing-right-large:1.92%;--awb-margin-bottom-large:20px;--awb-spacing-left-large:1.92%;--awb-width-medium:100%;--awb-order-medium:0;--awb-spacing-right-medium:1.92%;--awb-spacing-left-medium:1.92%;--awb-width-small:100%;--awb-order-small:0;--awb-spacing-right-small:1.92%;--awb-spacing-left-small:1.92%;\"><div class=\"fusion-column-wrapper fusion-column-has-shadow fusion-flex-justify-content-flex-start fusion-content-layout-column\"><div class=\"fusion-text fusion-text-4\"><p>Il ne manque au domaine actuel, pour \u00eatre conforme \u00e0 l\u2019original, que l\u2019espace occup\u00e9 par les \u00e9curies.<br \/>\nLe r\u00f4le du Syndicat intercommunal est aujourd\u2019hui encore de sauvegarder le site, de l\u2019entretenir afin de le confier aux g\u00e9n\u00e9rations futures (voir travaux \u00e0 faire partenaires et liens \u2013 Depuis novembre 2015, d\u2019importants travaux de restauration ont \u00e9t\u00e9 men\u00e9s).<\/p>\n<p>Le Syndicat intercommunal g\u00e8re le fonctionnement du site, ouvre le lieu \u00e0 la visite et l\u2019anime en organisant des \u00e9v\u00e9nements ponctuels festifs ou litt\u00e9raires pour un public familial. Il organise \u00e9galement des expositions temporaires.<\/p>\n<p><strong>Merci de nous aider \u00e0 pr\u00e9server ce bijou d&rsquo;architecture et \u00e0 le transmettre aux g\u00e9n\u00e9rations futures.<\/strong><\/p>\n<\/div><\/div><\/div><div class=\"fusion-layout-column fusion_builder_column fusion-builder-column-6 fusion_builder_column_1_1 1_1 fusion-flex-column\" style=\"--awb-bg-size:cover;--awb-width-large:100%;--awb-margin-top-large:0px;--awb-spacing-right-large:1.92%;--awb-margin-bottom-large:20px;--awb-spacing-left-large:1.92%;--awb-width-medium:100%;--awb-order-medium:0;--awb-spacing-right-medium:1.92%;--awb-spacing-left-medium:1.92%;--awb-width-small:100%;--awb-order-small:0;--awb-spacing-right-small:1.92%;--awb-spacing-left-small:1.92%;\"><div class=\"fusion-column-wrapper fusion-column-has-shadow fusion-flex-justify-content-flex-start fusion-content-layout-column\"><div class=\"fusion-title title fusion-title-4 fusion-sep-none fusion-title-text fusion-title-size-three\" style=\"--awb-margin-top-small:10px;--awb-margin-right-small:0px;--awb-margin-bottom-small:10px;--awb-margin-left-small:0px;\"><h3 class=\"fusion-title-heading title-heading-left\" style=\"margin:0;\">La soci\u00e9t\u00e9 des amis d&rsquo;Alexandre Dumas<\/h3><\/div><div class=\"fusion-text fusion-text-5\"><p>L\u2019association na\u00eet \u00e9galement en 1970 lorsque le ch\u00e2teau de Monte-Cristo est menac\u00e9 de destruction. Passionn\u00e9s d\u2019art et de litt\u00e9rature, \u00e9crivains, hommes publics ou anonymes se lient autour d\u2019Alain Decaux pour s\u2019opposer au projet immobilier.<br \/>\nForte du soutien de milliers de lettres de fran\u00e7ais alert\u00e9s par voie de presse, l\u2019association p\u00e8se un certain poids aux c\u00f4t\u00e9s du Syndicat intercommunal de Monte-Cristo. Lorsque les pouvoirs publics d\u00e9cident d\u2019arr\u00eater le projet immobilier au profit de l\u2019achat de Monte-Cristo par les trois villes, l\u2019association devient partenaire du Syndicat intercommunal de Monte-Cristo quant \u00e0 la sauvegarde du lieu.<\/p>\n<p>Aujourd\u2019hui, pr\u00e9sid\u00e9e par Jocelyn FIORINA, l\u2019association rassemble plusieurs centaines d\u2019adh\u00e9rents. Sa mission majeure est de promouvoir et de contribuer \u00e0 la connaissance de l\u2019\u0153uvre d\u2019Alexandre Dumas. Elle rassemble des documents concernant l\u2019\u00e9crivain, elle \u00e9dite chaque ann\u00e9e un ouvrage concernant la vie ou l\u2019\u0153uvre de Dumas, publie un bulletin d\u2019information pour ses adh\u00e9rents, participe \u00e0 des conf\u00e9rences ou des colloques, accueille des \u00e9tudiants dans la biblioth\u00e8que consacr\u00e9e \u00e0 Dumas situ\u00e9e dans le ch\u00e2teau et participe \u00e0 l\u2019animation de Monte-Cristo aux c\u00f4t\u00e9s du Syndicat intercommunal en organisant conjointement des expositions temporaires.<\/p>\n<p>Ces deux structures travaillent main dans la main pour Dumas, veillent \u00e0 son rayonnement et s\u2019attachent \u00e0 sauvegarder le patrimoine architectural hors du commun qu\u2019Alexandre Dumas a l\u00e9gu\u00e9.<\/p>\n<p><strong>Passion et t\u00e9nacit\u00e9 ont permis de sauver Monte-Cristo dans les ann\u00e9es 70.<\/strong><br \/>\nAujourd\u2019hui, le domaine continue \u00e0 offrir au visiteur l\u2019\u00e9motion et le plaisir de d\u00e9couvrir l\u2019univers insolite et romanesque d\u2019un grand \u00e9crivain fran\u00e7ais du XIX\u00e8me si\u00e8cle qui a marqu\u00e9 \u00e0 jamais la litt\u00e9rature : Alexandre Dumas.<\/p>\n<\/div><\/div><\/div><\/div><\/div><div class=\"fusion-fullwidth fullwidth-box fusion-builder-row-3 fusion-flex-container has-pattern-background has-mask-background nonhundred-percent-fullwidth non-hundred-percent-height-scrolling\" style=\"--awb-border-radius-top-left:0px;--awb-border-radius-top-right:0px;--awb-border-radius-bottom-right:0px;--awb-border-radius-bottom-left:0px;--awb-margin-top:30px;--awb-flex-wrap:wrap;\" ><div class=\"fusion-builder-row fusion-row fusion-flex-align-items-flex-start fusion-flex-content-wrap\" style=\"max-width:1248px;margin-left: calc(-4% \/ 2 );margin-right: calc(-4% \/ 2 );\"><div class=\"fusion-layout-column fusion_builder_column fusion-builder-column-7 fusion_builder_column_1_1 1_1 fusion-flex-column\" style=\"--awb-bg-size:cover;--awb-width-large:100%;--awb-margin-top-large:0px;--awb-spacing-right-large:1.92%;--awb-margin-bottom-large:20px;--awb-spacing-left-large:1.92%;--awb-width-medium:100%;--awb-order-medium:0;--awb-spacing-right-medium:1.92%;--awb-spacing-left-medium:1.92%;--awb-width-small:100%;--awb-order-small:0;--awb-spacing-right-small:1.92%;--awb-spacing-left-small:1.92%;\"><div class=\"fusion-column-wrapper fusion-column-has-shadow fusion-flex-justify-content-flex-start fusion-content-layout-column\"><div ><a class=\"fusion-button button-flat fusion-button-default-size button-default fusion-button-default button-1 fusion-button-default-span fusion-button-default-type\" target=\"_self\" data-hover=\"icon_rotate\" href=\"https:\/\/le-port-marly.net\/main\/presentation-video\/\"><i class=\"fa-angle-double-right fas awb-button__icon awb-button__icon--default button-icon-left\" aria-hidden=\"true\"><\/i><span class=\"fusion-button-text awb-button__text awb-button__text--default\">Vid\u00e9os et visite virtuelle<\/span><\/a><\/div><\/div><\/div><\/div><\/div><\/p>\n","protected":false},"excerpt":{"rendered":"","protected":false},"author":1,"featured_media":0,"parent":0,"menu_order":0,"comment_status":"closed","ping_status":"closed","template":"100-width.php","meta":{"footnotes":""},"class_list":["post-432","page","type-page","status-publish","hentry"],"_links":{"self":[{"href":"https:\/\/le-port-marly.net\/main\/wp-json\/wp\/v2\/pages\/432","targetHints":{"allow":["GET"]}}],"collection":[{"href":"https:\/\/le-port-marly.net\/main\/wp-json\/wp\/v2\/pages"}],"about":[{"href":"https:\/\/le-port-marly.net\/main\/wp-json\/wp\/v2\/types\/page"}],"author":[{"embeddable":true,"href":"https:\/\/le-port-marly.net\/main\/wp-json\/wp\/v2\/users\/1"}],"replies":[{"embeddable":true,"href":"https:\/\/le-port-marly.net\/main\/wp-json\/wp\/v2\/comments?post=432"}],"version-history":[{"count":30,"href":"https:\/\/le-port-marly.net\/main\/wp-json\/wp\/v2\/pages\/432\/revisions"}],"predecessor-version":[{"id":651,"href":"https:\/\/le-port-marly.net\/main\/wp-json\/wp\/v2\/pages\/432\/revisions\/651"}],"wp:attachment":[{"href":"https:\/\/le-port-marly.net\/main\/wp-json\/wp\/v2\/media?parent=432"}],"curies":[{"name":"wp","href":"https:\/\/api.w.org\/{rel}","templated":true}]}}