{"id":703,"date":"2026-03-22T09:02:51","date_gmt":"2026-03-22T08:02:51","guid":{"rendered":"https:\/\/le-port-marly.net\/main\/?page_id=703"},"modified":"2026-04-27T20:17:57","modified_gmt":"2026-04-27T18:17:57","slug":"visite","status":"publish","type":"page","link":"https:\/\/le-port-marly.net\/main\/visite\/","title":{"rendered":"Visites"},"content":{"rendered":"<p><div class=\"fusion-fullwidth fullwidth-box fusion-builder-row-1 fusion-flex-container has-pattern-background has-mask-background fusion-parallax-none nonhundred-percent-fullwidth non-hundred-percent-height-scrolling\" style=\"--awb-border-radius-top-left:0px;--awb-border-radius-top-right:0px;--awb-border-radius-bottom-right:0px;--awb-border-radius-bottom-left:0px;--awb-padding-top:150px;--awb-padding-bottom:150px;--awb-margin-bottom:20px;--awb-background-image:linear-gradient(180deg, hsla(var(--awb-color5-h),var(--awb-color5-s),var(--awb-color5-l),calc(var(--awb-color5-a) - 70%)) 0%,hsla(var(--awb-color5-h),var(--awb-color5-s),var(--awb-color5-l),calc(var(--awb-color5-a) - 70%)) 100%),url(https:\/\/le-port-marly.net\/main\/wp-content\/uploads\/2026\/03\/visiteTitre_1300.jpg);;--awb-background-size:cover;--awb-flex-wrap:wrap;\" ><div class=\"fusion-builder-row fusion-row fusion-flex-align-items-flex-start fusion-flex-content-wrap\" style=\"max-width:1248px;margin-left: calc(-4% \/ 2 );margin-right: calc(-4% \/ 2 );\"><div class=\"fusion-layout-column fusion_builder_column fusion-builder-column-0 fusion_builder_column_1_1 1_1 fusion-flex-column\" style=\"--awb-bg-size:cover;--awb-width-large:100%;--awb-margin-top-large:0px;--awb-spacing-right-large:1.92%;--awb-margin-bottom-large:20px;--awb-spacing-left-large:1.92%;--awb-width-medium:100%;--awb-order-medium:0;--awb-spacing-right-medium:1.92%;--awb-spacing-left-medium:1.92%;--awb-width-small:100%;--awb-order-small:0;--awb-spacing-right-small:1.92%;--awb-spacing-left-small:1.92%;\"><div class=\"fusion-column-wrapper fusion-column-has-shadow fusion-flex-justify-content-flex-start fusion-content-layout-column\"><div class=\"fusion-title title fusion-title-1 fusion-sep-none fusion-title-center fusion-title-text fusion-title-size-one\" style=\"--awb-margin-top-small:10px;--awb-margin-right-small:0px;--awb-margin-bottom-small:10px;--awb-margin-left-small:0px;\"><h1 class=\"fusion-title-heading title-heading-center\" style=\"margin:0;text-shadow:0px 0px 10px var(--awb-custom_color_1);\">Visites<\/h1><\/div><\/div><\/div><\/div><\/div><div id=\"libre\" class=\"fusion-container-anchor\"><div class=\"fusion-fullwidth fullwidth-box fusion-builder-row-2 fusion-flex-container has-pattern-background has-mask-background nonhundred-percent-fullwidth non-hundred-percent-height-scrolling\" style=\"--awb-border-radius-top-left:0px;--awb-border-radius-top-right:0px;--awb-border-radius-bottom-right:0px;--awb-border-radius-bottom-left:0px;--awb-margin-bottom:30px;--awb-flex-wrap:wrap;\" ><div class=\"fusion-builder-row fusion-row fusion-flex-align-items-stretch fusion-flex-content-wrap\" style=\"max-width:calc( 1200px + 60px );margin-left: calc(-60px \/ 2 );margin-right: calc(-60px \/ 2 );\"><div class=\"fusion-layout-column fusion_builder_column fusion-builder-column-1 fusion_builder_column_1_2 1_2 fusion-flex-column\" style=\"--awb-bg-image:url(&#039;https:\/\/le-port-marly.net\/main\/wp-content\/uploads\/2026\/03\/visite_libre_1010.jpg&#039;);--awb-bg-position:center bottom;--awb-bg-size:cover;--awb-width-large:50%;--awb-margin-top-large:0px;--awb-spacing-right-large:30px;--awb-margin-bottom-large:20px;--awb-spacing-left-large:30px;--awb-width-medium:50%;--awb-order-medium:0;--awb-spacing-right-medium:30px;--awb-spacing-left-medium:30px;--awb-width-small:100%;--awb-order-small:0;--awb-spacing-right-small:30px;--awb-spacing-left-small:30px;\" data-scroll-devices=\"small-visibility,medium-visibility,large-visibility\"><div class=\"fusion-column-wrapper fusion-column-has-shadow fusion-flex-justify-content-flex-start fusion-content-layout-column fusion-empty-column-bg-image fusion-column-has-bg-image\" data-bg-url=\"https:\/\/le-port-marly.net\/main\/wp-content\/uploads\/2026\/03\/visite_libre_1010.jpg\"><img decoding=\"async\" class=\"fusion-empty-dims-img-placeholder fusion-no-large-visibility fusion-no-medium-visibility\" aria-label=\"Visite libre\" src=\"data:image\/svg+xml,%3Csvg%20xmlns%3D%27http%3A%2F%2Fwww.w3.org%2F2000%2Fsvg%27%20width%3D%271070%27%20height%3D%271010%27%20viewBox%3D%270%200%201070%201010%27%3E%3Crect%20width%3D%271070%27%20height%3D%271010%27%20fill-opacity%3D%220%22%2F%3E%3C%2Fsvg%3E\"><\/div><\/div><div class=\"fusion-layout-column fusion_builder_column fusion-builder-column-2 fusion_builder_column_1_2 1_2 fusion-flex-column\" style=\"--awb-padding-bottom:40px;--awb-padding-bottom-small:0px;--awb-bg-size:cover;--awb-width-large:50%;--awb-margin-top-large:0px;--awb-spacing-right-large:30px;--awb-margin-bottom-large:20px;--awb-spacing-left-large:30px;--awb-width-medium:50%;--awb-order-medium:0;--awb-spacing-right-medium:30px;--awb-spacing-left-medium:30px;--awb-width-small:100%;--awb-order-small:0;--awb-spacing-right-small:30px;--awb-spacing-left-small:30px;\"><div class=\"fusion-column-wrapper fusion-column-has-shadow fusion-flex-justify-content-flex-start fusion-content-layout-column\"><div class=\"fusion-title title fusion-title-2 fusion-sep-none fusion-title-text fusion-title-size-two\" style=\"--awb-margin-top-small:10px;--awb-margin-right-small:0px;--awb-margin-bottom-small:10px;--awb-margin-left-small:0px;\"><h2 class=\"fusion-title-heading title-heading-left\" style=\"margin:0;\">Visites Libres (sans guides)<\/h2><\/div><div class=\"fusion-text fusion-text-1 fusion-text-no-margin\" style=\"--awb-margin-bottom:40px;\"><p>L\u2019exposition permanente du ch\u00e2teau de Monte-Cristo se consacre \u00e0 Alexandre Dumas et explore un certain nombre d\u2019aspects qui forgent un \u00e0 un la personnalit\u00e9 de cet \u00e9crivain incontournable du XIX\u00e8me si\u00e8cle\u2026<br \/>\nSon \u0153uvre th\u00e9\u00e2trale et romanesque, son succ\u00e8s dans le temps et dans le monde, son go\u00fbt prononc\u00e9 pour les voyages, sa passion pour les femmes, sa g\u00e9n\u00e9alogie, sa jeunesse, sont les diff\u00e9rents points \u00e9voqu\u00e9s dans l\u2019exposition afin de faire comprendre qui \u00e9tait Dumas et faire d\u00e9couvrir l\u2019\u00e9tendue de son travail.<\/p>\n<p>La visite permet de (re)d\u00e9couvrir un homme dont la popularit\u00e9 tant sur le plan humain que sur le plan litt\u00e9raire est ind\u00e9niable.<\/p>\n<p>L\u2019exposition permanente est pr\u00e9sent\u00e9e dans le ch\u00e2teau de Monte-Cristo, elle se d\u00e9veloppe sur les deux niveaux de la maison ouverts au public tout au long de l\u2019ann\u00e9e.<\/p>\n<p>Les collections pr\u00e9sent\u00e9es (compos\u00e9es de gravures, peintures, sculptures, livres, photographies, objets) appartiennent \u00e0 la <em>Soci\u00e9t\u00e9 des amis d\u2019Alexandre Dumas<\/em>, \u00e0 la <em>Soci\u00e9t\u00e9 des Gens de Lettres<\/em> et au <em>Syndicat intercommunal de Monte-Cristo<\/em>.<\/p>\n<\/div><\/div><\/div><\/div><\/div><\/div><div class=\"fusion-fullwidth fullwidth-box fusion-builder-row-3 fusion-flex-container has-pattern-background has-mask-background nonhundred-percent-fullwidth non-hundred-percent-height-scrolling\" style=\"--awb-border-radius-top-left:0px;--awb-border-radius-top-right:0px;--awb-border-radius-bottom-right:0px;--awb-border-radius-bottom-left:0px;--awb-flex-wrap:wrap;\" ><div class=\"fusion-builder-row fusion-row fusion-flex-align-items-flex-start fusion-flex-content-wrap\" style=\"max-width:1248px;margin-left: calc(-4% \/ 2 );margin-right: calc(-4% \/ 2 );\"><div class=\"fusion-layout-column fusion_builder_column fusion-builder-column-3 fusion_builder_column_1_1 1_1 fusion-flex-column\" style=\"--awb-bg-size:cover;--awb-width-large:100%;--awb-margin-top-large:0px;--awb-spacing-right-large:1.92%;--awb-margin-bottom-large:20px;--awb-spacing-left-large:1.92%;--awb-width-medium:100%;--awb-order-medium:0;--awb-spacing-right-medium:1.92%;--awb-spacing-left-medium:1.92%;--awb-width-small:100%;--awb-order-small:0;--awb-spacing-right-small:1.92%;--awb-spacing-left-small:1.92%;\"><div class=\"fusion-column-wrapper fusion-column-has-shadow fusion-flex-justify-content-flex-start fusion-content-layout-column\"><div class=\"fusion-alert alert custom alert-custom fusion-alert-left awb-alert-native-link-color\" style=\"--awb-background-color:var(--awb-color2);--awb-accent-color:var(--awb-custom_color_1);--awb-border-size:1px;--awb-border-top-left-radius:0px;--awb-border-top-right-radius:0px;--awb-border-bottom-left-radius:0px;--awb-border-bottom-right-radius:0px;\" role=\"alert\"><div class=\"fusion-alert-content-wrapper\"><span class=\"alert-icon\"><i class=\"fa-headphones fas\" aria-hidden=\"true\"><\/i><\/span><span class=\"fusion-alert-content\"><p>Pensez \u00e0 vous munir de vos \u00e9couteurs.<br \/>\nNous vous proposons de flasher un QR code \u00e0 l\u2019entr\u00e9e. Il vous permettra d\u2019\u00e9couter des commentaires sur l\u2019histoire des lieux.<\/p><\/span><\/div><\/div><div class=\"fusion-reading-box-container reading-box-container-1\" style=\"--awb-title-color:var(--awb-color5);--awb-title-font-size:22px;--awb-title-line-height:1.1em;--awb-margin-top:20px;--awb-margin-bottom:20px;\"><div class=\"reading-box\" style=\"background-color:var(--awb-custom_color_3);border-width:2px;border-color:var(--awb-custom_color_1);border-left-width:3px;border-left-color:var(--primary_color);border-style:solid;\"><h3>Tarifs hors \u00e9v\u00e8nementiels<\/h3><div class=\"reading-box-description fusion-reading-box-additional\">&nbsp;<\/div><div class=\"reading-box-additional\">\n<p>Tarif plein : 9 \u20ac \u2013 Tarif r\u00e9duit : 7 \u20ac \u2013 Gratuit : moins de 8 ans<\/p>\n<\/div><div class=\"fusion-clearfix\"><\/div><\/div><\/div><\/div><\/div><\/div><\/div><div id=\"guide\" class=\"fusion-container-anchor\"><div class=\"fusion-fullwidth fullwidth-box fusion-builder-row-4 fusion-flex-container has-pattern-background has-mask-background nonhundred-percent-fullwidth non-hundred-percent-height-scrolling\" style=\"--awb-border-radius-top-left:0px;--awb-border-radius-top-right:0px;--awb-border-radius-bottom-right:0px;--awb-border-radius-bottom-left:0px;--awb-margin-bottom:30px;--awb-flex-wrap:wrap;\" ><div class=\"fusion-builder-row fusion-row fusion-flex-align-items-stretch fusion-flex-content-wrap\" style=\"max-width:calc( 1200px + 60px );margin-left: calc(-60px \/ 2 );margin-right: calc(-60px \/ 2 );\"><div class=\"fusion-layout-column fusion_builder_column fusion-builder-column-4 fusion_builder_column_1_2 1_2 fusion-flex-column\" style=\"--awb-bg-size:cover;--awb-width-large:50%;--awb-margin-top-large:0px;--awb-spacing-right-large:30px;--awb-margin-bottom-large:30px;--awb-spacing-left-large:30px;--awb-width-medium:50%;--awb-order-medium:0;--awb-spacing-right-medium:30px;--awb-spacing-left-medium:30px;--awb-width-small:100%;--awb-order-small:0;--awb-spacing-right-small:30px;--awb-spacing-left-small:30px;\" data-scroll-devices=\"small-visibility,medium-visibility,large-visibility\"><div class=\"fusion-column-wrapper fusion-column-has-shadow fusion-flex-justify-content-flex-start fusion-content-layout-column\"><div class=\"fusion-title title fusion-title-3 fusion-sep-none fusion-title-text fusion-title-size-two\" style=\"--awb-margin-top-small:10px;--awb-margin-right-small:0px;--awb-margin-bottom-small:10px;--awb-margin-left-small:0px;\"><h2 class=\"fusion-title-heading title-heading-left\" style=\"margin:0;\">Visites Guid\u00e9es pour Individuels<\/h2><\/div><div class=\"fusion-text fusion-text-2 fusion-text-no-margin\" style=\"--awb-margin-bottom:40px;\"><p>Visite des lieux par un(e) conf\u00e9rencier(e) des monuments historiques.<br \/>\n<span style=\"background-color: rgba(0, 0, 0, 0);\">Histoire des lieux, d\u00e9couverte de la vie d\u2019Alexandre Dumas, anecdotes\u2026<\/span><\/p>\n<p>Visites guid\u00e9es les 2\u00e8me et 3\u00e8me dimanches du mois, de f\u00e9vrier \u00e0 novembre, pour individuels uniquement :<br \/>\n<b>\u00e0 13h00, 13h20, 14h00, 14h20<\/b><\/p>\n<p>Temps de visite : 45 minutes.<\/p>\n<p><b>Sur r\u00e9servation<\/b> \u2013 r\u00e9servations ouvertes 1 mois \u00e0 l\u2019avance uniquement \u2013 (cliquer sur le bouton ci-dessous)<br \/>\nNombre de places limit\u00e9 par visite.<b><br \/>\n<\/b><\/p>\n<p>Visites r\u00e9serv\u00e9es aux visiteurs individuels. Aucun groupe admis.<\/p>\n<\/div><div class=\"fusion-reading-box-container reading-box-container-2\" style=\"--awb-title-color:var(--awb-color5);--awb-title-font-size:22px;--awb-title-line-height:1.1em;--awb-margin-top:20px;--awb-margin-bottom:20px;\"><div class=\"reading-box\" style=\"background-color:var(--awb-custom_color_3);border-width:2px;border-color:var(--awb-color5);border-left-width:3px;border-left-color:var(--primary_color);border-style:solid;\"><h3>Tarifs<\/h3><div class=\"reading-box-description fusion-reading-box-additional\">&nbsp;<\/div><div class=\"reading-box-additional\">\n<p>10 \u20ac\/personne \u2013 Gratuit : moins de 8 ans<\/p>\n<\/div><div class=\"fusion-clearfix\"><\/div><\/div><\/div><div class=\"fusion-text fusion-text-3\"><guidap-activity-reserve-button activity-uuid=\"nRfwVLO7leSF9Yz5kIZHcsgoJ6pBKjqTvCyr\"><\/guidap-activity-reserve-button>\n<\/div><\/div><\/div><div class=\"fusion-layout-column fusion_builder_column fusion-builder-column-5 fusion_builder_column_1_2 1_2 fusion-flex-column fusion-no-small-visibility\" style=\"--awb-bg-image:url(&#039;https:\/\/le-port-marly.net\/main\/wp-content\/uploads\/2026\/03\/visite_guide_1010.jpg&#039;);--awb-bg-position:center center;--awb-bg-size:cover;--awb-width-large:50%;--awb-margin-top-large:0px;--awb-spacing-right-large:30px;--awb-margin-bottom-large:20px;--awb-spacing-left-large:30px;--awb-width-medium:50%;--awb-order-medium:0;--awb-spacing-right-medium:30px;--awb-spacing-left-medium:30px;--awb-width-small:100%;--awb-order-small:0;--awb-spacing-right-small:30px;--awb-spacing-left-small:30px;\" data-scroll-devices=\"small-visibility,medium-visibility,large-visibility\"><div class=\"fusion-column-wrapper fusion-column-has-shadow fusion-flex-justify-content-flex-start fusion-content-layout-column fusion-empty-column-bg-image fusion-column-has-bg-image\" data-bg-url=\"https:\/\/le-port-marly.net\/main\/wp-content\/uploads\/2026\/03\/visite_guide_1010.jpg\"><img decoding=\"async\" class=\"fusion-empty-dims-img-placeholder fusion-no-large-visibility fusion-no-medium-visibility\" aria-label=\"Visites guid\u00e9es\" src=\"data:image\/svg+xml,%3Csvg%20xmlns%3D%27http%3A%2F%2Fwww.w3.org%2F2000%2Fsvg%27%20width%3D%271070%27%20height%3D%271010%27%20viewBox%3D%270%200%201070%201010%27%3E%3Crect%20width%3D%271070%27%20height%3D%271010%27%20fill-opacity%3D%220%22%2F%3E%3C%2Fsvg%3E\"><\/div><\/div><\/div><\/div><\/div><div id=\"theatre\" class=\"fusion-container-anchor\"><div class=\"fusion-fullwidth fullwidth-box fusion-builder-row-5 fusion-flex-container has-pattern-background has-mask-background nonhundred-percent-fullwidth non-hundred-percent-height-scrolling\" style=\"--awb-border-radius-top-left:0px;--awb-border-radius-top-right:0px;--awb-border-radius-bottom-right:0px;--awb-border-radius-bottom-left:0px;--awb-margin-bottom:30px;--awb-flex-wrap:wrap;\" ><div class=\"fusion-builder-row fusion-row fusion-flex-align-items-stretch fusion-flex-content-wrap\" style=\"max-width:calc( 1200px + 60px );margin-left: calc(-60px \/ 2 );margin-right: calc(-60px \/ 2 );\"><div class=\"fusion-layout-column fusion_builder_column fusion-builder-column-6 fusion_builder_column_1_2 1_2 fusion-flex-column\" style=\"--awb-bg-image:url(&#039;https:\/\/le-port-marly.net\/main\/wp-content\/uploads\/2026\/03\/visite_theatre_1010.jpg&#039;);--awb-bg-position:center top;--awb-bg-size:cover;--awb-width-large:50%;--awb-margin-top-large:0px;--awb-spacing-right-large:30px;--awb-margin-bottom-large:20px;--awb-spacing-left-large:30px;--awb-width-medium:50%;--awb-order-medium:0;--awb-spacing-right-medium:30px;--awb-spacing-left-medium:30px;--awb-width-small:100%;--awb-order-small:0;--awb-spacing-right-small:30px;--awb-spacing-left-small:30px;\" data-scroll-devices=\"small-visibility,medium-visibility,large-visibility\"><div class=\"fusion-column-wrapper fusion-column-has-shadow fusion-flex-justify-content-flex-start fusion-content-layout-column fusion-empty-column-bg-image fusion-column-has-bg-image\" data-bg-url=\"https:\/\/le-port-marly.net\/main\/wp-content\/uploads\/2026\/03\/visite_theatre_1010.jpg\"><img decoding=\"async\" class=\"fusion-empty-dims-img-placeholder fusion-no-large-visibility fusion-no-medium-visibility\" aria-label=\"Visites avec Interventions Th\u00e9\u00e2tralis\u00e9es\" src=\"data:image\/svg+xml,%3Csvg%20xmlns%3D%27http%3A%2F%2Fwww.w3.org%2F2000%2Fsvg%27%20width%3D%271070%27%20height%3D%271010%27%20viewBox%3D%270%200%201070%201010%27%3E%3Crect%20width%3D%271070%27%20height%3D%271010%27%20fill-opacity%3D%220%22%2F%3E%3C%2Fsvg%3E\"><\/div><\/div><div class=\"fusion-layout-column fusion_builder_column fusion-builder-column-7 fusion_builder_column_1_2 1_2 fusion-flex-column\" style=\"--awb-padding-bottom:40px;--awb-padding-bottom-small:0px;--awb-bg-size:cover;--awb-width-large:50%;--awb-margin-top-large:0px;--awb-spacing-right-large:30px;--awb-margin-bottom-large:20px;--awb-spacing-left-large:30px;--awb-width-medium:50%;--awb-order-medium:0;--awb-spacing-right-medium:30px;--awb-spacing-left-medium:30px;--awb-width-small:100%;--awb-order-small:0;--awb-spacing-right-small:30px;--awb-spacing-left-small:30px;\"><div class=\"fusion-column-wrapper fusion-column-has-shadow fusion-flex-justify-content-flex-start fusion-content-layout-column\"><div class=\"fusion-title title fusion-title-4 fusion-sep-none fusion-title-text fusion-title-size-two\" style=\"--awb-margin-top-small:10px;--awb-margin-right-small:0px;--awb-margin-bottom-small:10px;--awb-margin-left-small:0px;\"><h2 class=\"fusion-title-heading title-heading-left\" style=\"margin:0;\">Visites avec Interventions Th\u00e9\u00e2tralis\u00e9es pour individuels<\/h2><\/div><div class=\"fusion-text fusion-text-4\"><p>Deux com\u00e9diens investissent et s\u2019approprient le ch\u00e2teau de Monte-Cristo\u2026<br \/>\nInutile de les chercher, ils viendront \u00e0 votre rencontre\u2026<\/p>\n<\/div><div class=\"fusion-title title fusion-title-5 fusion-sep-none fusion-title-text fusion-title-size-three\" style=\"--awb-margin-top-small:10px;--awb-margin-right-small:0px;--awb-margin-bottom-small:10px;--awb-margin-left-small:0px;\"><h3 class=\"fusion-title-heading title-heading-left\" style=\"margin:0;\">Des Rencontres Inattendues\u2026<\/h3><\/div><div class=\"fusion-text fusion-text-5\"><p>Des com\u00e9diens costum\u00e9s interviennent lors de votre visite du Domaine de Monte-Cristo. Des personnages fictifs sortent de l\u2019oeuvre de Dumas et rencontrent des figures de la vie de l\u2019auteur. Ils expliquent et commentent la vie au ch\u00e2teau de Monte-Cristo au temps d\u2019Alexandre Dumas.<\/p>\n<p>Par le biais du th\u00e9\u00e2tre, chacun plonge dans l\u2019atmosph\u00e8re de l\u2019\u00e9poque. Alexandre Dumas, le ma\u00eetre des lieux, n\u2019est pas l\u00e0, mais les personnages interpr\u00e9t\u00e9s par les com\u00e9diens se chargent bien d\u2019\u00e9voquer et de faire revivre ce que l\u2019\u00e9crivain nommait lui-m\u00eame \u00ab une r\u00e9duction du Paradis terrestre \u00bb\u2026<\/p>\n<\/div><div class=\"fusion-text fusion-text-6\"><p><strong>Dimanches 22 f\u00e9vrier, 29 mars, 26 avril, 31 mai, 28 juin (journ\u00e9e sp\u00e9ciale), 26 juillet, 30 ao\u00fbt, 27 septembre, 25 octobre et 29 novembre 2026 en continu<br \/>\n-\u00e0 partir de 13h00 en f\u00e9vrier et en novembre<br \/>\n-\u00e0 partir de 14h00 de mars \u00e0 octobre.<\/strong><\/p>\n<\/div><div ><a class=\"fusion-button button-flat fusion-button-default-size button-custom fusion-button-default button-1 fusion-button-default-span fusion-button-default-type\" style=\"--awb-margin-bottom:20px;--button_accent_color:var(--awb-color5);--button_border_color:var(--awb-color5);--button_accent_hover_color:var(--awb-color1);--button_border_hover_color:var(--awb-color5);--button_border_width-top:1px;--button_border_width-right:1px;--button_border_width-bottom:1px;--button_border_width-left:1px;--button_gradient_top_color:var(--awb-color1);--button_gradient_bottom_color:var(--awb-color1);--button_gradient_top_color_hover:hsla(var(--awb-color5-h),calc(var(--awb-color5-s) - 5%),calc(var(--awb-color5-l) - 10%),var(--awb-color5-a));--button_gradient_bottom_color_hover:hsla(var(--awb-color5-h),calc(var(--awb-color5-s) - 5%),calc(var(--awb-color5-l) - 10%),var(--awb-color5-a));\" target=\"_blank\" rel=\"noopener noreferrer\" data-hover=\"icon_slide\" href=\"https:\/\/www.youtube.com\/watch?v=srxDP4m2ax8&amp;embeds_referring_euri=https%3A%2F%2Fwww.chateau-monte-cristo.com%2F\"><span class=\"fusion-button-text awb-button__text awb-button__text--default\">Voir le teaser sur YouTube<\/span><i class=\"fa-arrow-right fas awb-button__icon awb-button__icon--default button-icon-right\" aria-hidden=\"true\"><\/i><\/a><\/div><\/div><\/div><\/div><\/div><\/div><div class=\"fusion-fullwidth fullwidth-box fusion-builder-row-6 fusion-flex-container has-pattern-background has-mask-background nonhundred-percent-fullwidth non-hundred-percent-height-scrolling\" style=\"--awb-border-radius-top-left:0px;--awb-border-radius-top-right:0px;--awb-border-radius-bottom-right:0px;--awb-border-radius-bottom-left:0px;--awb-flex-wrap:wrap;\" ><div class=\"fusion-builder-row fusion-row fusion-flex-align-items-flex-start fusion-flex-content-wrap\" style=\"max-width:1248px;margin-left: calc(-4% \/ 2 );margin-right: calc(-4% \/ 2 );\"><div class=\"fusion-layout-column fusion_builder_column fusion-builder-column-8 fusion_builder_column_1_1 1_1 fusion-flex-column\" style=\"--awb-bg-size:cover;--awb-width-large:100%;--awb-margin-top-large:0px;--awb-spacing-right-large:1.92%;--awb-margin-bottom-large:20px;--awb-spacing-left-large:1.92%;--awb-width-medium:100%;--awb-order-medium:0;--awb-spacing-right-medium:1.92%;--awb-spacing-left-medium:1.92%;--awb-width-small:100%;--awb-order-small:0;--awb-spacing-right-small:1.92%;--awb-spacing-left-small:1.92%;\"><div class=\"fusion-column-wrapper fusion-column-has-shadow fusion-flex-justify-content-flex-start fusion-content-layout-column\"><div class=\"fusion-text fusion-text-7\"><p>Par la compagnie Ankr\u00e9ation pour le Ch\u00e2teau de Monte-Cristo. Textes : Ambre Kuropatwa. Mise en sc\u00e8ne : Xavier Depoix . Com\u00e9diens : Virginie Rondeau, Ambre Kuropatwa, No\u00e9mie Zade, Willem Mahtallah, Robin Roland et Xavier Depoix.<\/p>\n<\/div><div class=\"fusion-reading-box-container reading-box-container-3\" style=\"--awb-title-color:var(--awb-color5);--awb-title-font-size:22px;--awb-title-line-height:1.1em;--awb-margin-top:20px;--awb-margin-bottom:20px;\"><div class=\"reading-box\" style=\"background-color:var(--awb-custom_color_3);border-width:2px;border-color:var(--awb-color5);border-left-width:3px;border-left-color:var(--primary_color);border-style:solid;\"><h3>Horaires et tarifs interventions th\u00e9\u00e2tralis\u00e9es<\/h3><div class=\"reading-box-description fusion-reading-box-additional\">&nbsp;<\/div><div class=\"reading-box-additional\">\n<p><strong>Le dernier dimanche du mois<\/strong>, tout au long de l\u2019apr\u00e8s-midi, \u00e0 partir de 13h00 en basse saison, \u00e0 partir de 14h00 en haute saison. Pour visiteurs individuels uniquement (pas de groupes).<\/p>\n<p><strong>Pas de r\u00e9servation possible. <\/strong>Les billets sont vendus, \u00e0 partir de 13h00 en basse saison et de 13h30 en haute saison, au fur et \u00e0 mesure de l\u2019arriv\u00e9e du public.<\/p>\n<p><strong>Tarifs :<\/strong> 11\u20ac\/pers. 2 \u20ac\/ enfant 3 \u00e0 7 ans inclus. Gratuit : moins de 3 ans.<\/p>\n<\/div><div class=\"fusion-clearfix\"><\/div><\/div><\/div><div class=\"fusion-text fusion-text-8\"><p>Pour les groupes, organisation possible de visites guid\u00e9es et th\u00e9\u00e2tralis\u00e9es sur demande et sur devis.<br \/>\nRenseignements : Office de tourisme St Germain Boucles de Seine \u2013 T\u00e9l.: 01 30 09 39 89<\/p>\n<\/div><\/div><\/div><\/div><\/div><div id=\"parc\" class=\"fusion-container-anchor\"><div class=\"fusion-fullwidth fullwidth-box fusion-builder-row-7 fusion-flex-container has-pattern-background has-mask-background nonhundred-percent-fullwidth non-hundred-percent-height-scrolling\" style=\"--awb-border-radius-top-left:0px;--awb-border-radius-top-right:0px;--awb-border-radius-bottom-right:0px;--awb-border-radius-bottom-left:0px;--awb-margin-bottom:20px;--awb-flex-wrap:wrap;\" ><div class=\"fusion-builder-row fusion-row fusion-flex-align-items-flex-start fusion-flex-content-wrap\" style=\"max-width:calc( 1200px + 60px );margin-left: calc(-60px \/ 2 );margin-right: calc(-60px \/ 2 );\"><div class=\"fusion-layout-column fusion_builder_column fusion-builder-column-9 fusion_builder_column_1_1 1_1 fusion-flex-column\" style=\"--awb-padding-bottom-small:0px;--awb-bg-size:cover;--awb-width-large:100%;--awb-margin-top-large:0px;--awb-spacing-right-large:30px;--awb-margin-bottom-large:20px;--awb-spacing-left-large:30px;--awb-width-medium:100%;--awb-order-medium:0;--awb-spacing-right-medium:30px;--awb-spacing-left-medium:30px;--awb-width-small:100%;--awb-order-small:0;--awb-spacing-right-small:30px;--awb-spacing-left-small:30px;\" data-scroll-devices=\"small-visibility,medium-visibility,large-visibility\"><div class=\"fusion-column-wrapper fusion-column-has-shadow fusion-flex-justify-content-flex-start fusion-content-layout-column\"><div class=\"fusion-title title fusion-title-6 fusion-sep-none fusion-title-text fusion-title-size-two\" style=\"--awb-margin-top-small:10px;--awb-margin-right-small:0px;--awb-margin-bottom-small:10px;--awb-margin-left-small:0px;\"><h2 class=\"fusion-title-heading title-heading-left\" style=\"margin:0;\">Visites du Parc Seul<\/h2><\/div><div class=\"fusion-text fusion-text-9\"><p>Le parc du ch\u00e2teau de Monte-Cristo est am\u00e9nag\u00e9 \u00e0 l\u2019anglaise. D\u2019une surface de trois hectares, il pr\u00e9sente au regard diff\u00e9rents espaces romantiques typiques du XIX\u00e8me si\u00e8cle. Il permet une promenade agr\u00e9able et reposante \u00e0 la poursuite de fines cascades tout en suivant de petites all\u00e9es sinuant sous des grottes ou des arcades verdoyantes. Dumas disait qu\u2019il avait l\u00e0 \u00ab une r\u00e9duction du paradis terrestre \u00bb\u2026<\/p>\n<p>Le parc du ch\u00e2teau peut se visiter seul (sans avoir \u00e0 entrer dans le ch\u00e2teau) selon les horaires d\u2019ouverture du site.<\/p>\n<\/div><div class=\"fusion-reading-box-container reading-box-container-4\" style=\"--awb-title-color:var(--awb-color5);--awb-title-font-size:22px;--awb-title-line-height:1.1em;--awb-margin-top:20px;--awb-margin-bottom:20px;\"><div class=\"reading-box\" style=\"background-color:var(--awb-custom_color_3);border-width:2px;border-color:var(--awb-color5);border-left-width:3px;border-left-color:var(--primary_color);border-style:solid;\"><h3>Tarif parc seul<\/h3><div class=\"reading-box-description fusion-reading-box-additional\">&nbsp;<\/div><div class=\"reading-box-additional\">\n<p>5 \u20ac\/personne (non valable lors des \u00e9v\u00e9nements organis\u00e9s : salon livre, journ\u00e9e th\u00e9matique etc&#8230;)<\/p>\n<\/div><div class=\"fusion-clearfix\"><\/div><\/div><\/div><\/div><\/div><\/div><\/div><\/div><div id=\"groupe\" class=\"fusion-container-anchor\"><div class=\"fusion-fullwidth fullwidth-box fusion-builder-row-8 fusion-flex-container has-pattern-background has-mask-background nonhundred-percent-fullwidth non-hundred-percent-height-scrolling\" style=\"--awb-border-radius-top-left:0px;--awb-border-radius-top-right:0px;--awb-border-radius-bottom-right:0px;--awb-border-radius-bottom-left:0px;--awb-flex-wrap:wrap;\" ><div class=\"fusion-builder-row fusion-row fusion-flex-align-items-flex-start fusion-flex-content-wrap\" style=\"max-width:calc( 1200px + 60px );margin-left: calc(-60px \/ 2 );margin-right: calc(-60px \/ 2 );\"><div class=\"fusion-layout-column fusion_builder_column fusion-builder-column-10 fusion_builder_column_1_1 1_1 fusion-flex-column\" style=\"--awb-padding-bottom:40px;--awb-padding-bottom-small:0px;--awb-bg-size:cover;--awb-width-large:100%;--awb-margin-top-large:0px;--awb-spacing-right-large:30px;--awb-margin-bottom-large:20px;--awb-spacing-left-large:30px;--awb-width-medium:100%;--awb-order-medium:0;--awb-spacing-right-medium:30px;--awb-spacing-left-medium:30px;--awb-width-small:100%;--awb-order-small:0;--awb-spacing-right-small:30px;--awb-spacing-left-small:30px;\"><div class=\"fusion-column-wrapper fusion-column-has-shadow fusion-flex-justify-content-flex-start fusion-content-layout-column\"><div class=\"fusion-title title fusion-title-7 fusion-sep-none fusion-title-text fusion-title-size-two\" style=\"--awb-margin-top-small:10px;--awb-margin-right-small:0px;--awb-margin-bottom-small:10px;--awb-margin-left-small:0px;\"><h2 class=\"fusion-title-heading title-heading-left\" style=\"margin:0;\">Visites de Groupes<\/h2><\/div><div class=\"fusion-text fusion-text-10\"><p>Pour les groupes (20 personnes minimum) \u2013 <strong>Sur r\u00e9servation uniquement aupr\u00e8s de l\u2019office de tourisme St Germain Boucles de Seine <\/strong>.<\/p>\n<p>Visite avec ou sans conf\u00e9rencier pour d\u00e9couvrir les lieux, la vie et l\u2019\u0153uvre de son cr\u00e9ateur.<\/p>\n<p>Visites libres ou visites guid\u00e9es d\u20191h30 en fran\u00e7ais, espagnol, anglais, russe et allemand sur r\u00e9servation.<br \/>\nVisites th\u00e9\u00e2tralis\u00e9es d\u20191h30 le matin sur r\u00e9servation (en fran\u00e7ais ou en anglais).<br \/>\nVisites scolaires et centres de loisirs sur r\u00e9servation.<\/p>\n<\/div><div class=\"fusion-reading-box-container reading-box-container-5\" style=\"--awb-title-color:var(--awb-color5);--awb-title-font-size:22px;--awb-title-line-height:1.1em;--awb-margin-top:20px;--awb-margin-bottom:20px;\"><div class=\"reading-box\" style=\"background-color:var(--awb-custom_color_3);border-width:2px;border-color:var(--awb-color5);border-left-width:3px;border-left-color:var(--primary_color);border-style:solid;\"><h3>Tarifs (sur devis)<\/h3><div class=\"reading-box-description fusion-reading-box-additional\">&nbsp;<\/div><div class=\"reading-box-additional\">\n<p><strong>Pour les groupes d\u2019adultes<\/strong><\/p>\n<p>Visite libre : 6 \u20ac\/ personne \u2013 forfait 120 \u20ac si moins de 20 personnes en basse saison \u2013 20 \u20ac\/groupe de droit de r\u00e9servation<br \/>\nVisite guid\u00e9e d\u20191h30 en fran\u00e7ais : 170 \u20ac\/groupe + 6\u20ac\/personne<br \/>\nVisite guid\u00e9e d\u20191h30 en langue \u00e9trang\u00e8re : 230\u20ac\/groupe + 6\u20ac\/personne<br \/>\nVisite th\u00e9\u00e2tralis\u00e9e d\u20191h30 en fran\u00e7ais : 450 \u20ac\/groupe + 6\u20ac\/personne<br \/>\nVisite th\u00e9\u00e2tralis\u00e9e d\u20191h30 en anglais : 510 \u20ac\/ groupe +6\u20ac\/personne<\/p>\n<p><strong>Pour les groupes scolaires de la maternelle au lyc\u00e9e et centres de loisirs<\/strong><\/p>\n<p>Visite cont\u00e9e d\u20191h15 : 110 \u20ac\/classe + 4 \u20ac\/\u00e9l\u00e8ve<br \/>\nVisite guid\u00e9e d\u20191h30 : 110 \u20ac\/classe + 4\u20ac\/\u00e9l\u00e8ve<br \/>\nVisite -atelier : 120 \u20ac\/classe + 4 \u20ac\/\u00e9l\u00e8ve<\/p>\n<\/div><div class=\"fusion-clearfix\"><\/div><\/div><\/div><div class=\"fusion-text fusion-text-11\"><p><strong>Pour tout renseignement et r\u00e9servation, contacter l\u2019office de tourisme de Saint Germain en Laye Boucles de Seine.<\/strong><br \/>\nT\u00e9l. 01 30 09 39 89<br \/>\ncommercial@seine-saintgermain.fr<\/p>\n<\/div><\/div><\/div><\/div><\/div><\/div><div class=\"fusion-fullwidth fullwidth-box fusion-builder-row-9 fusion-flex-container has-pattern-background has-mask-background nonhundred-percent-fullwidth non-hundred-percent-height-scrolling\" style=\"--awb-border-radius-top-left:0px;--awb-border-radius-top-right:0px;--awb-border-radius-bottom-right:0px;--awb-border-radius-bottom-left:0px;--awb-flex-wrap:wrap;\" ><div class=\"fusion-builder-row fusion-row fusion-flex-align-items-flex-start fusion-flex-content-wrap\" style=\"max-width:1248px;margin-left: calc(-4% \/ 2 );margin-right: calc(-4% \/ 2 );\"><div class=\"fusion-layout-column fusion_builder_column fusion-builder-column-11 fusion_builder_column_1_1 1_1 fusion-flex-column\" style=\"--awb-bg-size:cover;--awb-width-large:100%;--awb-margin-top-large:0px;--awb-spacing-right-large:1.92%;--awb-margin-bottom-large:20px;--awb-spacing-left-large:1.92%;--awb-width-medium:100%;--awb-order-medium:0;--awb-spacing-right-medium:1.92%;--awb-spacing-left-medium:1.92%;--awb-width-small:100%;--awb-order-small:0;--awb-spacing-right-small:1.92%;--awb-spacing-left-small:1.92%;\"><div class=\"fusion-column-wrapper fusion-column-has-shadow fusion-flex-justify-content-flex-start fusion-content-layout-column\"><div class=\"fusion-title title fusion-title-8 fusion-sep-none fusion-title-text fusion-title-size-two\" style=\"--awb-margin-top-small:10px;--awb-margin-right-small:0px;--awb-margin-bottom-small:10px;--awb-margin-left-small:0px;\"><h2 class=\"fusion-title-heading title-heading-left\" style=\"margin:0;\">R\u00e9server en ligne les visites guid\u00e9es<\/h2><\/div><div class=\"fusion-text fusion-text-12\"><p>Vous pouvez r\u00e9server en ligne une visite guid\u00e9e (1 mois avant la date de la visite) ou voir votre panier (avec le bouton Panier)<\/p>\n<\/div><\/div><\/div><div class=\"fusion-layout-column fusion_builder_column fusion-builder-column-12 fusion_builder_column_1_2 1_2 fusion-flex-column\" style=\"--awb-bg-size:cover;--awb-width-large:50%;--awb-margin-top-large:0px;--awb-spacing-right-large:3.84%;--awb-margin-bottom-large:20px;--awb-spacing-left-large:3.84%;--awb-width-medium:50%;--awb-order-medium:0;--awb-spacing-right-medium:3.84%;--awb-spacing-left-medium:3.84%;--awb-width-small:100%;--awb-order-small:0;--awb-spacing-right-small:1.92%;--awb-spacing-left-small:1.92%;\"><div class=\"fusion-column-wrapper fusion-column-has-shadow fusion-flex-justify-content-flex-start fusion-content-layout-column\"><div class=\"fusion-text fusion-text-13\"><p style=\"text-align: center;\"><guidap-reserve-button><\/guidap-reserve-button><\/p>\n<\/div><\/div><\/div><div class=\"fusion-layout-column fusion_builder_column fusion-builder-column-13 fusion_builder_column_1_2 1_2 fusion-flex-column\" style=\"--awb-bg-size:cover;--awb-width-large:50%;--awb-margin-top-large:0px;--awb-spacing-right-large:3.84%;--awb-margin-bottom-large:20px;--awb-spacing-left-large:3.84%;--awb-width-medium:50%;--awb-order-medium:0;--awb-spacing-right-medium:3.84%;--awb-spacing-left-medium:3.84%;--awb-width-small:100%;--awb-order-small:0;--awb-spacing-right-small:1.92%;--awb-spacing-left-small:1.92%;\"><div class=\"fusion-column-wrapper fusion-column-has-shadow fusion-flex-justify-content-flex-start fusion-content-layout-column\"><div class=\"fusion-text fusion-text-14\"><p style=\"text-align: center;\"><guidap-cart-button><\/guidap-cart-button><\/p>\n<\/div><\/div><\/div><\/div><\/div><div class=\"fusion-fullwidth fullwidth-box fusion-builder-row-10 fusion-flex-container has-pattern-background has-mask-background nonhundred-percent-fullwidth non-hundred-percent-height-scrolling\" style=\"--awb-border-radius-top-left:0px;--awb-border-radius-top-right:0px;--awb-border-radius-bottom-right:0px;--awb-border-radius-bottom-left:0px;--awb-flex-wrap:wrap;\" ><div class=\"fusion-builder-row fusion-row fusion-flex-align-items-flex-start fusion-flex-content-wrap\" style=\"max-width:1248px;margin-left: calc(-4% \/ 2 );margin-right: calc(-4% \/ 2 );\"><div class=\"fusion-layout-column fusion_builder_column fusion-builder-column-14 fusion_builder_column_1_1 1_1 fusion-flex-column\" style=\"--awb-bg-size:cover;--awb-width-large:100%;--awb-margin-top-large:0px;--awb-spacing-right-large:1.92%;--awb-margin-bottom-large:20px;--awb-spacing-left-large:1.92%;--awb-width-medium:100%;--awb-order-medium:0;--awb-spacing-right-medium:1.92%;--awb-spacing-left-medium:1.92%;--awb-width-small:100%;--awb-order-small:0;--awb-spacing-right-small:1.92%;--awb-spacing-left-small:1.92%;\"><div class=\"fusion-column-wrapper fusion-column-has-shadow fusion-flex-justify-content-flex-start fusion-content-layout-column\"><div ><a class=\"fusion-button button-flat fusion-button-default-size button-default fusion-button-default button-2 fusion-button-default-span fusion-button-default-type\" target=\"_self\" data-hover=\"icon_rotate\" href=\"https:\/\/le-port-marly.net\/main\/animations-enfants\/\"><i class=\"fa-angle-double-right fas awb-button__icon awb-button__icon--default button-icon-left\" aria-hidden=\"true\"><\/i><span class=\"fusion-button-text awb-button__text awb-button__text--default\">Saison culturelle<\/span><\/a><\/div><\/div><\/div><\/div><\/div><\/p>\n","protected":false},"excerpt":{"rendered":"","protected":false},"author":1,"featured_media":0,"parent":0,"menu_order":0,"comment_status":"closed","ping_status":"closed","template":"100-width.php","meta":{"footnotes":""},"class_list":["post-703","page","type-page","status-publish","hentry"],"_links":{"self":[{"href":"https:\/\/le-port-marly.net\/main\/wp-json\/wp\/v2\/pages\/703","targetHints":{"allow":["GET"]}}],"collection":[{"href":"https:\/\/le-port-marly.net\/main\/wp-json\/wp\/v2\/pages"}],"about":[{"href":"https:\/\/le-port-marly.net\/main\/wp-json\/wp\/v2\/types\/page"}],"author":[{"embeddable":true,"href":"https:\/\/le-port-marly.net\/main\/wp-json\/wp\/v2\/users\/1"}],"replies":[{"embeddable":true,"href":"https:\/\/le-port-marly.net\/main\/wp-json\/wp\/v2\/comments?post=703"}],"version-history":[{"count":86,"href":"https:\/\/le-port-marly.net\/main\/wp-json\/wp\/v2\/pages\/703\/revisions"}],"predecessor-version":[{"id":1813,"href":"https:\/\/le-port-marly.net\/main\/wp-json\/wp\/v2\/pages\/703\/revisions\/1813"}],"wp:attachment":[{"href":"https:\/\/le-port-marly.net\/main\/wp-json\/wp\/v2\/media?parent=703"}],"curies":[{"name":"wp","href":"https:\/\/api.w.org\/{rel}","templated":true}]}}