{"id":779,"date":"2026-03-23T09:52:47","date_gmt":"2026-03-23T08:52:47","guid":{"rendered":"https:\/\/le-port-marly.net\/main\/?page_id=779"},"modified":"2026-04-20T13:52:10","modified_gmt":"2026-04-20T11:52:10","slug":"expositions-temporaires","status":"publish","type":"page","link":"https:\/\/le-port-marly.net\/main\/expositions-temporaires\/","title":{"rendered":"Expositions temporaires"},"content":{"rendered":"<p><div class=\"fusion-fullwidth fullwidth-box fusion-builder-row-1 fusion-flex-container has-pattern-background has-mask-background fusion-parallax-none nonhundred-percent-fullwidth non-hundred-percent-height-scrolling\" style=\"--awb-border-radius-top-left:0px;--awb-border-radius-top-right:0px;--awb-border-radius-bottom-right:0px;--awb-border-radius-bottom-left:0px;--awb-padding-top:150px;--awb-padding-bottom:150px;--awb-background-image:linear-gradient(180deg, hsla(var(--awb-color5-h),var(--awb-color5-s),var(--awb-color5-l),calc(var(--awb-color5-a) - 60%)) 0%,hsla(var(--awb-color5-h),var(--awb-color5-s),var(--awb-color5-l),calc(var(--awb-color5-a) - 60%)) 100%),url(https:\/\/le-port-marly.net\/main\/wp-content\/uploads\/2026\/04\/expositionTemporaireTitrev2_1300.jpg);;--awb-background-size:cover;--awb-flex-wrap:wrap;\" ><div class=\"fusion-builder-row fusion-row fusion-flex-align-items-flex-start fusion-flex-content-wrap\" style=\"max-width:1248px;margin-left: calc(-4% \/ 2 );margin-right: calc(-4% \/ 2 );\"><div class=\"fusion-layout-column fusion_builder_column fusion-builder-column-0 fusion_builder_column_1_1 1_1 fusion-flex-column\" style=\"--awb-bg-size:cover;--awb-width-large:100%;--awb-margin-top-large:0px;--awb-spacing-right-large:1.92%;--awb-margin-bottom-large:20px;--awb-spacing-left-large:1.92%;--awb-width-medium:100%;--awb-order-medium:0;--awb-spacing-right-medium:1.92%;--awb-spacing-left-medium:1.92%;--awb-width-small:100%;--awb-order-small:0;--awb-spacing-right-small:1.92%;--awb-spacing-left-small:1.92%;\"><div class=\"fusion-column-wrapper fusion-column-has-shadow fusion-flex-justify-content-flex-start fusion-content-layout-column\"><div class=\"fusion-title title fusion-title-1 fusion-sep-none fusion-title-center fusion-title-text fusion-title-size-one\" style=\"--awb-margin-top-small:10px;--awb-margin-right-small:0px;--awb-margin-bottom-small:10px;--awb-margin-left-small:0px;\"><h1 class=\"fusion-title-heading title-heading-center\" style=\"margin:0;text-shadow:0px 0px 10px var(--awb-custom_color_1);\">Expositions temporaires<\/h1><\/div><\/div><\/div><\/div><\/div><div class=\"fusion-fullwidth fullwidth-box fusion-builder-row-2 fusion-flex-container has-pattern-background has-mask-background nonhundred-percent-fullwidth non-hundred-percent-height-scrolling\" style=\"--awb-border-radius-top-left:0px;--awb-border-radius-top-right:0px;--awb-border-radius-bottom-right:0px;--awb-border-radius-bottom-left:0px;--awb-flex-wrap:wrap;\" ><div class=\"fusion-builder-row fusion-row fusion-flex-align-items-flex-start fusion-flex-content-wrap\" style=\"max-width:1248px;margin-left: calc(-4% \/ 2 );margin-right: calc(-4% \/ 2 );\"><div class=\"fusion-layout-column fusion_builder_column fusion-builder-column-1 fusion_builder_column_1_1 1_1 fusion-flex-column\" style=\"--awb-bg-size:cover;--awb-width-large:100%;--awb-margin-top-large:0px;--awb-spacing-right-large:1.92%;--awb-margin-bottom-large:20px;--awb-spacing-left-large:1.92%;--awb-width-medium:100%;--awb-order-medium:0;--awb-spacing-right-medium:1.92%;--awb-spacing-left-medium:1.92%;--awb-width-small:100%;--awb-order-small:0;--awb-spacing-right-small:1.92%;--awb-spacing-left-small:1.92%;\"><div class=\"fusion-column-wrapper fusion-column-has-shadow fusion-flex-justify-content-flex-start fusion-content-layout-column\"><div class=\"fusion-title title fusion-title-2 fusion-sep-none fusion-title-text fusion-title-size-two\" style=\"--awb-margin-top-small:10px;--awb-margin-right-small:0px;--awb-margin-bottom-small:10px;--awb-margin-left-small:0px;\"><h2 class=\"fusion-title-heading title-heading-left\" style=\"margin:0;\">3 expositions en 2026<\/h2><\/div><div class=\"fusion-content-boxes content-boxes columns row fusion-columns-1 fusion-columns-total-3 fusion-content-boxes-1 content-boxes-timeline-vertical content-left content-boxes-timeline-layout content-boxes-icon-with-title fusion-delayed-animation\" style=\"--awb-backgroundcolor:var(--awb-color2);--awb-body-color:var(--awb-color6);--awb-title-color:var(--awb-color8);--awb-iconcolor:var(--awb-color1);--awb-hover-accent-color:var(--awb-color8);--awb-circle-hover-accent-color:var(--awb-color8);--awb-item-margin-bottom:40px;\" data-animation-delay=\"350\" data-animationOffset=\"top-into-view\"><div style=\"--awb-backgroundcolor:var(--awb-color2);--awb-iconcolor:var(--awb-color1);--awb-content-padding-left:70px;\" class=\"fusion-column content-box-column content-box-column content-box-column-1 col-lg-12 col-md-12 col-sm-12 fusion-content-box-hover content-box-column-last-in-row\"><div class=\"col content-box-wrapper content-wrapper-background link-area-link-icon link-type-button content-icon-wrapper-yes icon-hover-animation-fade fusion-animated\" data-animationType=\"fadeIn\" data-animationDuration=\"0.25\" data-animationOffset=\"top-into-view\"><div class=\"heading heading-with-icon icon-left\" style=\"margin-top:11px;\"><a class=\"heading-link\" href=\"https:\/\/le-port-marly.net\/main\/expositions-temporaires\/#decaux\" target=\"_self\"><div class=\"icon\" style=\"margin-top:-11px;margin-bottom:-11px;-webkit-animation-duration: 350ms;animation-duration: 350ms;\"><span style=\"height:48px;width:48px;line-height:24px;border-color:var(--awb-color5);border-width:1px;border-style:solid;background-color:var(--awb-color5);margin-right:20px;box-sizing:content-box;border-radius:100%;\"><i style=\"border-color:var(--awb-color7);border-width:0px;background-color:var(--awb-color5);box-sizing:content-box;height:48px;width:48px;line-height:48px;border-radius:100%;position:relative;top:auto;left:auto;margin:0;border-radius:100%;font-size:24px;\" aria-hidden=\"true\" class=\"fontawesome-icon fa-angle-right fas circle-yes\"><\/i><\/span><\/div><p class=\"content-box-heading\" style=\"--body_typography-font-size:28px;line-height:33px;\">Alain DECAUX, un fou de DUMAS<\/p><\/a><\/div><div class=\"fusion-clearfix\"><\/div><div class=\"content-container\">\n<p><strong>Du 1er mars au 7 juin 2026<\/strong><\/p>\n<\/div><div class=\"fusion-clearfix\"><\/div><a class=\"fusion-read-more-button fusion-content-box-button fusion-button button-default fusion-button-default-size button- button-flat\" style=\"margin-left:70px;\" href=\"https:\/\/le-port-marly.net\/main\/expositions-temporaires\/#decaux\" target=\"_self\"><span class=\"fusion-button-text\">En savoir plus<\/span><\/a><div class=\"fusion-clearfix\"><\/div><div class=\"content-box-shortcode-timeline-vertical\" style=\"border-color:var(--awb-color5);left:75px;top:60px;-webkit-transition-duration: 350ms;animation-duration: 350ms;\"><\/div><\/div><\/div><div style=\"--awb-backgroundcolor:var(--awb-color2);--awb-iconcolor:var(--awb-color1);--awb-content-padding-left:70px;\" class=\"fusion-column content-box-column content-box-column content-box-column-2 col-lg-12 col-md-12 col-sm-12 fusion-content-box-hover content-box-column-last-in-row\"><div class=\"col content-box-wrapper content-wrapper-background link-area-link-icon link-type-button content-icon-wrapper-yes icon-hover-animation-fade fusion-animated\" data-animationType=\"fadeIn\" data-animationDuration=\"0.25\" data-animationOffset=\"top-into-view\"><div class=\"heading heading-with-icon icon-left\" style=\"margin-top:11px;\"><a class=\"heading-link\" href=\"https:\/\/le-port-marly.net\/main\/expositions-temporaires\/#senlis\" target=\"_self\"><div class=\"icon\" style=\"margin-top:-11px;margin-bottom:-11px;-webkit-animation-duration: 350ms;animation-duration: 350ms;\"><span style=\"height:48px;width:48px;line-height:24px;border-color:var(--awb-color5);border-width:1px;border-style:solid;background-color:var(--awb-color5);margin-right:20px;box-sizing:content-box;border-radius:100%;\"><i style=\"border-color:var(--awb-color7);border-width:0px;background-color:var(--awb-color5);box-sizing:content-box;height:48px;width:48px;line-height:48px;border-radius:100%;position:relative;top:auto;left:auto;margin:0;border-radius:100%;font-size:24px;\" aria-hidden=\"true\" class=\"fontawesome-icon fa-arrow-right fas circle-yes\"><\/i><\/span><\/div><p class=\"content-box-heading\" style=\"--body_typography-font-size:28px;line-height:33px;\">Sculptures de C\u00e9line SENLIS<\/p><\/a><\/div><div class=\"fusion-clearfix\"><\/div><div class=\"content-container\">\n<p><strong>Du 24 juin au 20 septembre 2026<\/strong><\/p>\n<\/div><div class=\"fusion-clearfix\"><\/div><a class=\"fusion-read-more-button fusion-content-box-button fusion-button button-default fusion-button-default-size button- button-flat\" style=\"margin-left:70px;\" href=\"https:\/\/le-port-marly.net\/main\/expositions-temporaires\/#senlis\" target=\"_self\"><span class=\"fusion-button-text\">En savoir plus<\/span><\/a><div class=\"fusion-clearfix\"><\/div><div class=\"content-box-shortcode-timeline-vertical\" style=\"border-color:var(--awb-color5);left:75px;top:60px;-webkit-transition-duration: 350ms;animation-duration: 350ms;\"><\/div><\/div><\/div><div style=\"--awb-backgroundcolor:var(--awb-color2);--awb-iconcolor:var(--awb-color1);--awb-content-padding-left:70px;\" class=\"fusion-column content-box-column content-box-column content-box-column-3 col-lg-12 col-md-12 col-sm-12 fusion-content-box-hover content-box-column-last content-box-column-last-in-row\"><div class=\"col content-box-wrapper content-wrapper-background link-area-link-icon link-type-button content-icon-wrapper-yes icon-hover-animation-fade fusion-animated\" data-animationType=\"fadeIn\" data-animationDuration=\"0.25\" data-animationOffset=\"top-into-view\"><div class=\"heading heading-with-icon icon-left\" style=\"margin-top:11px;\"><a class=\"heading-link\" href=\"https:\/\/le-port-marly.net\/main\/expositions-temporaires\/#sagon\" target=\"_self\"><div class=\"icon\" style=\"margin-top:-11px;margin-bottom:-11px;-webkit-animation-duration: 350ms;animation-duration: 350ms;\"><span style=\"height:48px;width:48px;line-height:24px;border-color:var(--awb-color5);border-width:1px;border-style:solid;background-color:var(--awb-color5);margin-right:20px;box-sizing:content-box;border-radius:100%;\"><i style=\"border-color:var(--awb-color7);border-width:0px;background-color:var(--awb-color5);box-sizing:content-box;height:48px;width:48px;line-height:48px;border-radius:100%;position:relative;top:auto;left:auto;margin:0;border-radius:100%;font-size:24px;\" aria-hidden=\"true\" class=\"fontawesome-icon fa-arrow-right fas circle-yes\"><\/i><\/span><\/div><p class=\"content-box-heading\" style=\"--body_typography-font-size:28px;line-height:33px;\">Peintures d'Alain Sagon<\/p><\/a><\/div><div class=\"fusion-clearfix\"><\/div><div class=\"content-container\"><strong>Du 1er octobre au 29 novembre 2026<\/strong><\/div><div class=\"fusion-clearfix\"><\/div><a class=\"fusion-read-more-button fusion-content-box-button fusion-button button-default fusion-button-default-size button- button-flat\" style=\"margin-left:70px;\" href=\"https:\/\/le-port-marly.net\/main\/expositions-temporaires\/#sagon\" target=\"_self\"><span class=\"fusion-button-text\">En savoir plus<\/span><\/a><div class=\"fusion-clearfix\"><\/div><div class=\"content-box-shortcode-timeline-vertical\" style=\"border-color:var(--awb-color5);left:75px;top:60px;-webkit-transition-duration: 350ms;animation-duration: 350ms;\"><\/div><\/div><\/div><div class=\"fusion-clearfix\"><\/div><\/div><\/div><\/div><\/div><\/div><div id=\"decaux\" class=\"fusion-container-anchor\"><div class=\"fusion-fullwidth fullwidth-box fusion-builder-row-3 fusion-flex-container has-pattern-background has-mask-background nonhundred-percent-fullwidth non-hundred-percent-height-scrolling\" style=\"--awb-border-radius-top-left:0px;--awb-border-radius-top-right:0px;--awb-border-radius-bottom-right:0px;--awb-border-radius-bottom-left:0px;--awb-padding-top:0px;--awb-margin-top:20px;--awb-margin-bottom:30px;--awb-flex-wrap:wrap;\" ><div class=\"fusion-builder-row fusion-row fusion-flex-align-items-stretch fusion-flex-content-wrap\" style=\"max-width:calc( 1200px + 60px );margin-left: calc(-60px \/ 2 );margin-right: calc(-60px \/ 2 );\"><div class=\"fusion-layout-column fusion_builder_column fusion-builder-column-2 fusion_builder_column_1_2 1_2 fusion-flex-column\" style=\"--awb-bg-image:url(&#039;https:\/\/le-port-marly.net\/main\/wp-content\/uploads\/2026\/03\/temporaire_decaux.jpg&#039;);--awb-bg-position:center center;--awb-bg-size:cover;--awb-width-large:50%;--awb-margin-top-large:0px;--awb-spacing-right-large:30px;--awb-margin-bottom-large:20px;--awb-spacing-left-large:30px;--awb-width-medium:50%;--awb-order-medium:0;--awb-spacing-right-medium:30px;--awb-spacing-left-medium:30px;--awb-width-small:100%;--awb-order-small:0;--awb-spacing-right-small:30px;--awb-spacing-left-small:30px;\" data-scroll-devices=\"small-visibility,medium-visibility,large-visibility\"><div class=\"fusion-column-wrapper fusion-column-has-shadow fusion-flex-justify-content-flex-start fusion-content-layout-column fusion-empty-column-bg-image fusion-column-has-bg-image\" data-bg-url=\"https:\/\/le-port-marly.net\/main\/wp-content\/uploads\/2026\/03\/temporaire_decaux.jpg\"><img decoding=\"async\" class=\"fusion-empty-dims-img-placeholder fusion-no-large-visibility fusion-no-medium-visibility\" aria-label=\"Alain Decaux\" src=\"data:image\/svg+xml,%3Csvg%20xmlns%3D%27http%3A%2F%2Fwww.w3.org%2F2000%2Fsvg%27%20width%3D%271010%27%20height%3D%271516%27%20viewBox%3D%270%200%201010%201516%27%3E%3Crect%20width%3D%271010%27%20height%3D%271516%27%20fill-opacity%3D%220%22%2F%3E%3C%2Fsvg%3E\"><\/div><\/div><div class=\"fusion-layout-column fusion_builder_column fusion-builder-column-3 fusion_builder_column_1_2 1_2 fusion-flex-column\" style=\"--awb-bg-size:cover;--awb-width-large:50%;--awb-margin-top-large:0px;--awb-spacing-right-large:30px;--awb-margin-bottom-large:20px;--awb-spacing-left-large:30px;--awb-width-medium:50%;--awb-order-medium:0;--awb-spacing-right-medium:30px;--awb-spacing-left-medium:30px;--awb-width-small:100%;--awb-order-small:0;--awb-spacing-right-small:30px;--awb-spacing-left-small:30px;\"><div class=\"fusion-column-wrapper fusion-column-has-shadow fusion-flex-justify-content-flex-start fusion-content-layout-column\"><div class=\"fusion-title title fusion-title-3 fusion-sep-none fusion-title-text fusion-title-size-two\" style=\"--awb-margin-top-small:10px;--awb-margin-right-small:0px;--awb-margin-bottom-small:10px;--awb-margin-left-small:0px;\"><h2 class=\"fusion-title-heading title-heading-left\" style=\"margin:0;\">Alain DECAUX, un fou de DUMAS<\/h2><\/div><div class=\"fusion-text fusion-text-1\"><p><strong>Du 1er mars au 7 juin 2026<\/strong><\/p>\n<p>L\u2019Association des Amis d\u2019Alain Decaux et Micheline Pelletier Decaux pr\u00e9sentent une exposition qui retrace \u00e0 travers de nombreuses photographies et d\u2019objets personnels les diff\u00e9rentes \u00e9tapes qui ont jalonn\u00e9es sa vie : de sa vocation pr\u00e9coce \u00e0 l\u2019hommage national qui lui fut rendu.<\/p>\n<p>D\u00e8s l\u2019enfance, un lien ind\u00e9fectible s\u2019est tiss\u00e9 entre lui et Alexandre Dumas. Apr\u00e8s avoir grandement particip\u00e9 au sauvetage de la maison de l\u2019\u00e9crivain, au c\u00f4t\u00e9 du Pr\u00e9sident Jacques Chirac, il a re\u00e7u ce g\u00e9ant des Lettres au Panth\u00e9on.<\/p>\n<p>Historien, \u00e9crivain, homme de radio et de t\u00e9l\u00e9vision, ministre de la Francophonie et membre de l\u2019Acad\u00e9mie fran\u00e7aise, rien ne pr\u00e9destinait cet enfant du Nord \u00e0 un tel parcours. Tout en passionnant la France avec ses r\u00e9cits historique, il se plonge corps et \u00e2me dans la sauvegarde de biens patrimoniaux comme le ch\u00e2teau de Chantilly et\u2026le ch\u00e2teau de Monte-Cristo. Dix ans apr\u00e8s sa disparition, il revient dans ces lieux qui lui ont \u00e9t\u00e9 si chers.<\/p>\n<p><strong>Exposition organis\u00e9e par le Syndicat intercommunal de Monte-Cristo, con\u00e7ue par Micheline Pelletier Decaux et produite par l\u2019Association des Amis d\u2019Alain Decaux.<\/strong><\/p>\n<p>L\u2019exposition est au deuxi\u00e8me \u00e9tage du ch\u00e2teau. Elle se d\u00e9couvre aux jours et heures d\u2019ouverture du ch\u00e2teau.<\/p>\n<\/div><\/div><\/div><\/div><\/div><\/div><div id=\"senlis\" class=\"fusion-container-anchor\"><div class=\"fusion-fullwidth fullwidth-box fusion-builder-row-4 fusion-flex-container has-pattern-background has-mask-background nonhundred-percent-fullwidth non-hundred-percent-height-scrolling\" style=\"--awb-border-radius-top-left:0px;--awb-border-radius-top-right:0px;--awb-border-radius-bottom-right:0px;--awb-border-radius-bottom-left:0px;--awb-padding-top:0px;--awb-margin-top:20px;--awb-margin-bottom:30px;--awb-flex-wrap:wrap;\" ><div class=\"fusion-builder-row fusion-row fusion-flex-align-items-stretch fusion-flex-content-wrap\" style=\"max-width:calc( 1200px + 60px );margin-left: calc(-60px \/ 2 );margin-right: calc(-60px \/ 2 );\"><div class=\"fusion-layout-column fusion_builder_column fusion-builder-column-4 fusion_builder_column_1_2 1_2 fusion-flex-column\" style=\"--awb-bg-image:url(&#039;https:\/\/le-port-marly.net\/main\/wp-content\/uploads\/2026\/04\/senlis_femme-a-lenfant.jpg&#039;);--awb-bg-position:center top;--awb-bg-size:cover;--awb-width-large:50%;--awb-margin-top-large:0px;--awb-spacing-right-large:30px;--awb-margin-bottom-large:20px;--awb-spacing-left-large:30px;--awb-width-medium:50%;--awb-order-medium:0;--awb-spacing-right-medium:30px;--awb-spacing-left-medium:30px;--awb-width-small:100%;--awb-order-small:0;--awb-spacing-right-small:30px;--awb-spacing-left-small:30px;\" data-scroll-devices=\"small-visibility,medium-visibility,large-visibility\"><div class=\"fusion-column-wrapper fusion-column-has-shadow fusion-flex-justify-content-flex-start fusion-content-layout-column fusion-empty-column-bg-image fusion-column-has-bg-image\" data-bg-url=\"https:\/\/le-port-marly.net\/main\/wp-content\/uploads\/2026\/04\/senlis_femme-a-lenfant.jpg\"><img decoding=\"async\" class=\"fusion-empty-dims-img-placeholder fusion-no-large-visibility fusion-no-medium-visibility\" aria-label=\"Femme \u00e0 l&rsquo;enfant de C\u00e9line SENLIS\" src=\"data:image\/svg+xml,%3Csvg%20xmlns%3D%27http%3A%2F%2Fwww.w3.org%2F2000%2Fsvg%27%20width%3D%27998%27%20height%3D%271331%27%20viewBox%3D%270%200%20998%201331%27%3E%3Crect%20width%3D%27998%27%20height%3D%271331%27%20fill-opacity%3D%220%22%2F%3E%3C%2Fsvg%3E\"><\/div><\/div><div class=\"fusion-layout-column fusion_builder_column fusion-builder-column-5 fusion_builder_column_1_2 1_2 fusion-flex-column\" style=\"--awb-bg-size:cover;--awb-width-large:50%;--awb-margin-top-large:0px;--awb-spacing-right-large:30px;--awb-margin-bottom-large:70px;--awb-spacing-left-large:30px;--awb-width-medium:50%;--awb-order-medium:0;--awb-spacing-right-medium:30px;--awb-spacing-left-medium:30px;--awb-width-small:100%;--awb-order-small:0;--awb-spacing-right-small:30px;--awb-spacing-left-small:30px;\" data-scroll-devices=\"small-visibility,medium-visibility,large-visibility\"><div class=\"fusion-column-wrapper fusion-column-has-shadow fusion-flex-justify-content-flex-start fusion-content-layout-column\"><div class=\"fusion-title title fusion-title-4 fusion-sep-none fusion-title-text fusion-title-size-two\" style=\"--awb-margin-top-small:10px;--awb-margin-right-small:0px;--awb-margin-bottom-small:10px;--awb-margin-left-small:0px;\"><h2 class=\"fusion-title-heading title-heading-left\" style=\"margin:0;\">Sculptures de C\u00e9line SENLIS<\/h2><\/div><div class=\"fusion-text fusion-text-2\"><p><strong>Du 24 juin au 20 septembre 2026<\/strong><\/p>\n<p>Le parc de Monte-Cristo accueille les \u0153uvres de C\u00e9line SENLIS pendant trois mois. Ses sculptures sauront parfaitement se lier avec le vaste jardin d\u2019Alexandre Dumas. L\u2019exposition se poursuivra au deuxi\u00e8me \u00e9tage du ch\u00e2teau.<\/p>\n<p>Anim\u00e9e par une curiosit\u00e9 sinc\u00e8re et par un regard attentif port\u00e9 \u00e0 l\u2019humain, C\u00e9line Senlis fa\u00e7onne depuis des ann\u00e9es des \u0153uvres qui m\u00ealent sensibilit\u00e9, force et douceur. Elle travaille par th\u00e8me, le temps qui passe, le corps, la famille, la pr\u00e9sence, les veilleurs, l\u2019amiti\u00e9, la tendresse, l\u2019amour\u2026 la terre devient un terrain de jeu du portrait miniature aux pi\u00e8ces XXL. Depuis quelques ann\u00e9es, elle reprend la taille directe avec le marbre de Carrare.<\/p>\n<p>L\u2019artiste expose depuis 2008 et transmet son savoir-faire depuis 2017 dans son atelier parisien, un espace d\u2019\u00e9change, de partage et d\u2019\u00e9veil cr\u00e9atif.<\/p>\n<p>Son monde est \u00e0 d\u00e9couvrir. Alexandre Dumas aurait tr\u00e8s certainement aim\u00e9 la rencontrer et l\u2019accueillir chez lui !<\/p>\n<\/div><div class=\"fusion-testimonials classic awb-speech-bubble-show fusion-testimonials-1\" style=\"--awb-name-company-text-color:var(--awb-color5);--awb-textcolor:var(--awb-color8);--awb-backgroundcolor:var(--awb-color2);--awb-testimonial-border-style:solid;--awb-testimonial-border-color:var(--awb-color3);--awb-navigation-size:12px;--awb-border-top-left-radius:0px;--awb-border-top-right-radius:0px;--awb-border-bottom-left-radius:0px;--awb-border-bottom-right-radius:0px;--testimonial-border-width-top:0px;--testimonial-border-width-right:0px;--testimonial-border-width-bottom:0px;--testimonial-border-width-left:0px;\" data-random=\"0\" data-speed=\"4000\"><div class=\"reviews\"><div class=\"review active-testimonial alignment-left avatar-image\" style=\"--awb-avatar-size:75px;\"><blockquote><div class=\"awb-quote\"><div class=\"awb-quote-content\">\n<p>\u00c0 travers la sculpture, j&rsquo;exprime ma curiosit\u00e9 pour l&rsquo;humain dans toute sa diversit\u00e9.<\/p>\n<\/div><\/div><span class=\"awb-triangle\"><\/span><\/blockquote><div class=\"author\"><span class=\"testimonial-thumbnail\"><img decoding=\"async\" class=\"testimonial-image\" src=\"https:\/\/le-port-marly.net\/main\/wp-content\/uploads\/2026\/04\/celineSenlis.jpg\" width=\"225\" height=\"225\" style=\"--awb-border-radius:50%;\" \/><\/span><span class=\"company-name\"><strong>C\u00e9line Senlis<\/strong><span>, <\/span><a href=\"https:\/\/www.celinesenlis.com\/\" target=\"_blank\" rel=\"noopener noreferrer\"><span>Artiste Sculpteur<\/span><\/a><\/span><\/div><\/div><\/div><\/div><\/div><\/div><\/div><\/div><\/div><div id=\"sagon\" class=\"fusion-container-anchor\"><div class=\"fusion-fullwidth fullwidth-box fusion-builder-row-5 fusion-flex-container has-pattern-background has-mask-background nonhundred-percent-fullwidth non-hundred-percent-height-scrolling\" style=\"--awb-border-radius-top-left:0px;--awb-border-radius-top-right:0px;--awb-border-radius-bottom-right:0px;--awb-border-radius-bottom-left:0px;--awb-padding-top:0px;--awb-margin-top:20px;--awb-margin-bottom:30px;--awb-flex-wrap:wrap;\" ><div class=\"fusion-builder-row fusion-row fusion-flex-align-items-stretch fusion-flex-content-wrap\" style=\"max-width:calc( 1200px + 60px );margin-left: calc(-60px \/ 2 );margin-right: calc(-60px \/ 2 );\"><div class=\"fusion-layout-column fusion_builder_column fusion-builder-column-6 fusion_builder_column_1_2 1_2 fusion-flex-column\" style=\"--awb-bg-image:url(&#039;https:\/\/le-port-marly.net\/main\/wp-content\/uploads\/2026\/04\/expoTemporaireSagonDiva.jpg&#039;);--awb-bg-position:center center;--awb-bg-size:cover;--awb-width-large:50%;--awb-margin-top-large:0px;--awb-spacing-right-large:30px;--awb-margin-bottom-large:20px;--awb-spacing-left-large:30px;--awb-width-medium:50%;--awb-order-medium:0;--awb-spacing-right-medium:30px;--awb-spacing-left-medium:30px;--awb-width-small:100%;--awb-order-small:0;--awb-spacing-right-small:30px;--awb-spacing-left-small:30px;\" data-scroll-devices=\"small-visibility,medium-visibility,large-visibility\"><div class=\"fusion-column-wrapper fusion-column-has-shadow fusion-flex-justify-content-flex-start fusion-content-layout-column fusion-empty-column-bg-image fusion-column-has-bg-image\" data-bg-url=\"https:\/\/le-port-marly.net\/main\/wp-content\/uploads\/2026\/04\/expoTemporaireSagonDiva.jpg\"><img decoding=\"async\" class=\"fusion-empty-dims-img-placeholder fusion-no-large-visibility fusion-no-medium-visibility\" aria-label=\"DIVA par Alain Sagon\" src=\"data:image\/svg+xml,%3Csvg%20xmlns%3D%27http%3A%2F%2Fwww.w3.org%2F2000%2Fsvg%27%20width%3D%27856%27%20height%3D%271285%27%20viewBox%3D%270%200%20856%201285%27%3E%3Crect%20width%3D%27856%27%20height%3D%271285%27%20fill-opacity%3D%220%22%2F%3E%3C%2Fsvg%3E\"><\/div><\/div><div class=\"fusion-layout-column fusion_builder_column fusion-builder-column-7 fusion_builder_column_1_2 1_2 fusion-flex-column\" style=\"--awb-bg-size:cover;--awb-width-large:50%;--awb-margin-top-large:0px;--awb-spacing-right-large:30px;--awb-margin-bottom-large:20px;--awb-spacing-left-large:30px;--awb-width-medium:50%;--awb-order-medium:0;--awb-spacing-right-medium:30px;--awb-spacing-left-medium:30px;--awb-width-small:100%;--awb-order-small:0;--awb-spacing-right-small:30px;--awb-spacing-left-small:30px;\"><div class=\"fusion-column-wrapper fusion-column-has-shadow fusion-flex-justify-content-flex-start fusion-content-layout-column\"><div class=\"fusion-title title fusion-title-5 fusion-sep-none fusion-title-text fusion-title-size-two\" style=\"--awb-margin-top-small:10px;--awb-margin-right-small:0px;--awb-margin-bottom-small:10px;--awb-margin-left-small:0px;\"><h2 class=\"fusion-title-heading title-heading-left\" style=\"margin:0;\">Alain SAGON<\/h2><\/div><div class=\"fusion-text fusion-text-3\"><p><strong>Du 1er octobre au 29 novembre 2026<\/strong><\/p>\n<p>Totalement autodidacte et passionn\u00e9, Alain Sagon s\u2019adonne \u00e0 l\u2019art de peindre depuis de longues ann\u00e9es.<\/p>\n<p>Toujours un crayon \u00e0 la main depuis son enfance, il a su d\u00e9velopper un grand sens de l\u2019observation du monde qui l\u2019entoure et a su \u00e9tudier les techniques \u00e9l\u00e9mentaires des grands ma\u00eetres de la peinture.<\/p>\n<p>Alain Sagon travaille la peinture \u00e0 l\u2019huile essentiellement et s\u2019int\u00e9resse particuli\u00e8rement aux portraits.<\/p>\n<p>Le d\u00e9tail et la finesse des traits sont une \u00e9toffe, dans une fourrure ou un regard. L\u2019homme est au centre de sa cr\u00e9atio mais il laisse son imagination fleurir et, sous ses pinceaux, naissent parfois des mondes imaginaires.<\/p>\n<p>Sa peinture tr\u00e8s color\u00e9e permet \u00e0 chacun une \u00e9vasion et des voyages oniriques.<\/p>\n<\/div><div class=\"fusion-testimonials classic awb-speech-bubble-show fusion-testimonials-2\" style=\"--awb-name-company-text-color:var(--awb-color5);--awb-textcolor:var(--awb-color8);--awb-backgroundcolor:var(--awb-color2);--awb-testimonial-border-style:solid;--awb-testimonial-border-color:var(--awb-color3);--awb-navigation-size:12px;--awb-border-top-left-radius:0px;--awb-border-top-right-radius:0px;--awb-border-bottom-left-radius:0px;--awb-border-bottom-right-radius:0px;--testimonial-border-width-top:0px;--testimonial-border-width-right:0px;--testimonial-border-width-bottom:0px;--testimonial-border-width-left:0px;\" data-random=\"0\" data-speed=\"4000\"><div class=\"reviews\"><div class=\"review active-testimonial alignment-left avatar-image\" style=\"--awb-avatar-size:75px;\"><blockquote><div class=\"awb-quote\"><div class=\"awb-quote-content\">\n<p>J\u2019\u00e9prouve le besoin imp\u00e9rieux de partager mon travail et d\u2019offrir peut-\u00eatre quelques instants de joie \u00e0 ceux dont le coeur est capable de s\u2019\u00e9mouvoir devant\u00a0 une toile<\/p>\n<\/div><\/div><span class=\"awb-triangle\"><\/span><\/blockquote><div class=\"author\"><span class=\"testimonial-thumbnail\"><img decoding=\"async\" class=\"testimonial-image\" src=\"https:\/\/le-port-marly.net\/main\/wp-content\/uploads\/2026\/04\/alainSagon.jpg\" width=\"225\" height=\"225\" style=\"--awb-border-radius:50%;\" \/><\/span><span class=\"company-name\"><strong>Alain Sagon<\/strong><span>, <\/span><a href=\"https:\/\/alainsagon.wixsite.com\/les-yeux-sur-la-toil\" target=\"_blank\" rel=\"noopener noreferrer\"><span>Les yeux sur la toile<\/span><\/a><\/span><\/div><\/div><\/div><\/div><\/div><\/div><\/div><\/div><\/div><div class=\"fusion-fullwidth fullwidth-box fusion-builder-row-6 fusion-flex-container has-pattern-background has-mask-background nonhundred-percent-fullwidth non-hundred-percent-height-scrolling\" style=\"--awb-border-radius-top-left:0px;--awb-border-radius-top-right:0px;--awb-border-radius-bottom-right:0px;--awb-border-radius-bottom-left:0px;--awb-margin-top:20px;--awb-flex-wrap:wrap;\" ><div class=\"fusion-builder-row fusion-row fusion-flex-align-items-flex-start fusion-flex-content-wrap\" style=\"max-width:1248px;margin-left: calc(-4% \/ 2 );margin-right: calc(-4% \/ 2 );\"><div class=\"fusion-layout-column fusion_builder_column fusion-builder-column-8 fusion_builder_column_1_1 1_1 fusion-flex-column\" style=\"--awb-bg-size:cover;--awb-width-large:100%;--awb-margin-top-large:0px;--awb-spacing-right-large:1.92%;--awb-margin-bottom-large:20px;--awb-spacing-left-large:1.92%;--awb-width-medium:100%;--awb-order-medium:0;--awb-spacing-right-medium:1.92%;--awb-spacing-left-medium:1.92%;--awb-width-small:100%;--awb-order-small:0;--awb-spacing-right-small:1.92%;--awb-spacing-left-small:1.92%;\"><div class=\"fusion-column-wrapper fusion-column-has-shadow fusion-flex-justify-content-flex-start fusion-content-layout-column\"><div class=\"fusion-reading-box-container reading-box-container-1\" style=\"--awb-title-color:var(--awb-color5);--awb-title-font-size:22px;--awb-title-line-height:1.1em;--awb-margin-top:20px;--awb-margin-bottom:20px;\"><div class=\"reading-box\" style=\"background-color:var(--awb-custom_color_3);border-width:2px;border-color:var(--awb-color5);border-left-width:3px;border-left-color:var(--primary_color);border-style:solid;\"><h2>Tarifs expositions temporaires<\/h2><div class=\"reading-box-description fusion-reading-box-additional\"><br><\/div><div class=\"reading-box-additional\">\n<p>9 \u20ac \u2013 7 \u20ac (8-25 ans) \u2013 Gratuit : moins de 3 ans<br \/>\nMajoration lors d\u2019\u00e9v\u00e8nements particuliers.<\/p>\n<\/div><div class=\"fusion-clearfix\"><\/div><\/div><\/div><\/div><\/div><\/div><\/div><div class=\"fusion-fullwidth fullwidth-box fusion-builder-row-7 fusion-flex-container has-pattern-background has-mask-background nonhundred-percent-fullwidth non-hundred-percent-height-scrolling\" style=\"--awb-border-radius-top-left:0px;--awb-border-radius-top-right:0px;--awb-border-radius-bottom-right:0px;--awb-border-radius-bottom-left:0px;--awb-margin-top:40px;--awb-flex-wrap:wrap;\" ><div class=\"fusion-builder-row fusion-row fusion-flex-align-items-flex-start fusion-flex-content-wrap\" style=\"max-width:1248px;margin-left: calc(-4% \/ 2 );margin-right: calc(-4% \/ 2 );\"><div class=\"fusion-layout-column fusion_builder_column fusion-builder-column-9 fusion_builder_column_1_1 1_1 fusion-flex-column\" style=\"--awb-bg-size:cover;--awb-width-large:100%;--awb-margin-top-large:0px;--awb-spacing-right-large:1.92%;--awb-margin-bottom-large:20px;--awb-spacing-left-large:1.92%;--awb-width-medium:100%;--awb-order-medium:0;--awb-spacing-right-medium:1.92%;--awb-spacing-left-medium:1.92%;--awb-width-small:100%;--awb-order-small:0;--awb-spacing-right-small:1.92%;--awb-spacing-left-small:1.92%;\"><div class=\"fusion-column-wrapper fusion-column-has-shadow fusion-flex-justify-content-flex-start fusion-content-layout-column\"><div ><a class=\"fusion-button button-flat fusion-button-default-size button-default fusion-button-default button-1 fusion-button-default-span fusion-button-default-type\" target=\"_self\" data-hover=\"icon_rotate\" href=\"https:\/\/le-port-marly.net\/main\/journee-thematique\/\"><i class=\"fa-angle-double-right fas awb-button__icon awb-button__icon--default button-icon-left\" aria-hidden=\"true\"><\/i><span class=\"fusion-button-text awb-button__text awb-button__text--default\">Journ\u00e9e th\u00e9matique et rendez-vous musical<\/span><\/a><\/div><\/div><\/div><\/div><\/div><\/p>\n","protected":false},"excerpt":{"rendered":"","protected":false},"author":1,"featured_media":0,"parent":0,"menu_order":0,"comment_status":"closed","ping_status":"closed","template":"100-width.php","meta":{"footnotes":""},"class_list":["post-779","page","type-page","status-publish","hentry"],"_links":{"self":[{"href":"https:\/\/le-port-marly.net\/main\/wp-json\/wp\/v2\/pages\/779","targetHints":{"allow":["GET"]}}],"collection":[{"href":"https:\/\/le-port-marly.net\/main\/wp-json\/wp\/v2\/pages"}],"about":[{"href":"https:\/\/le-port-marly.net\/main\/wp-json\/wp\/v2\/types\/page"}],"author":[{"embeddable":true,"href":"https:\/\/le-port-marly.net\/main\/wp-json\/wp\/v2\/users\/1"}],"replies":[{"embeddable":true,"href":"https:\/\/le-port-marly.net\/main\/wp-json\/wp\/v2\/comments?post=779"}],"version-history":[{"count":52,"href":"https:\/\/le-port-marly.net\/main\/wp-json\/wp\/v2\/pages\/779\/revisions"}],"predecessor-version":[{"id":1695,"href":"https:\/\/le-port-marly.net\/main\/wp-json\/wp\/v2\/pages\/779\/revisions\/1695"}],"wp:attachment":[{"href":"https:\/\/le-port-marly.net\/main\/wp-json\/wp\/v2\/media?parent=779"}],"curies":[{"name":"wp","href":"https:\/\/api.w.org\/{rel}","templated":true}]}}