{"id":846,"date":"2026-03-24T16:54:02","date_gmt":"2026-03-24T15:54:02","guid":{"rendered":"https:\/\/le-port-marly.net\/main\/?page_id=846"},"modified":"2026-04-27T20:07:55","modified_gmt":"2026-04-27T18:07:55","slug":"journee-thematique","status":"publish","type":"page","link":"https:\/\/le-port-marly.net\/main\/journee-thematique\/","title":{"rendered":"Journ\u00e9e th\u00e9matique et rendez-vous musical"},"content":{"rendered":"<p><div class=\"fusion-fullwidth fullwidth-box fusion-builder-row-1 fusion-flex-container has-pattern-background has-mask-background fusion-parallax-none nonhundred-percent-fullwidth non-hundred-percent-height-scrolling\" style=\"--awb-border-radius-top-left:0px;--awb-border-radius-top-right:0px;--awb-border-radius-bottom-right:0px;--awb-border-radius-bottom-left:0px;--awb-padding-top:150px;--awb-padding-bottom:150px;--awb-background-image:linear-gradient(180deg, hsla(var(--awb-color5-h),var(--awb-color5-s),var(--awb-color5-l),calc(var(--awb-color5-a) - 60%)) 0%,hsla(var(--awb-color5-h),var(--awb-color5-s),var(--awb-color5-l),calc(var(--awb-color5-a) - 60%)) 100%),url(https:\/\/le-port-marly.net\/main\/wp-content\/uploads\/2026\/03\/journeeThematiqueTitre_1300.jpg);;--awb-background-size:cover;--awb-flex-wrap:wrap;\" ><div class=\"fusion-builder-row fusion-row fusion-flex-align-items-flex-start fusion-flex-content-wrap\" style=\"max-width:1248px;margin-left: calc(-4% \/ 2 );margin-right: calc(-4% \/ 2 );\"><div class=\"fusion-layout-column fusion_builder_column fusion-builder-column-0 fusion_builder_column_1_1 1_1 fusion-flex-column\" style=\"--awb-bg-size:cover;--awb-width-large:100%;--awb-margin-top-large:0px;--awb-spacing-right-large:1.92%;--awb-margin-bottom-large:20px;--awb-spacing-left-large:1.92%;--awb-width-medium:100%;--awb-order-medium:0;--awb-spacing-right-medium:1.92%;--awb-spacing-left-medium:1.92%;--awb-width-small:100%;--awb-order-small:0;--awb-spacing-right-small:1.92%;--awb-spacing-left-small:1.92%;\"><div class=\"fusion-column-wrapper fusion-column-has-shadow fusion-flex-justify-content-flex-start fusion-content-layout-column\"><div class=\"fusion-title title fusion-title-1 fusion-sep-none fusion-title-center fusion-title-text fusion-title-size-one\" style=\"--awb-margin-top-small:10px;--awb-margin-right-small:0px;--awb-margin-bottom-small:10px;--awb-margin-left-small:0px;\"><h1 class=\"fusion-title-heading title-heading-center\" style=\"margin:0;text-shadow:0px 0px 10px var(--awb-custom_color_1);\">Journ\u00e9e th\u00e9matique et rendez-vous musical<\/h1><\/div><\/div><\/div><\/div><\/div><div id=\"rendezvous\" class=\"fusion-container-anchor\"><div class=\"fusion-fullwidth fullwidth-box fusion-builder-row-2 fusion-flex-container has-pattern-background has-mask-background nonhundred-percent-fullwidth non-hundred-percent-height-scrolling\" style=\"--awb-border-radius-top-left:0px;--awb-border-radius-top-right:0px;--awb-border-radius-bottom-right:0px;--awb-border-radius-bottom-left:0px;--awb-padding-top:0px;--awb-margin-top:20px;--awb-margin-bottom:30px;--awb-flex-wrap:wrap;\" ><div class=\"fusion-builder-row fusion-row fusion-flex-align-items-stretch fusion-flex-content-wrap\" style=\"max-width:calc( 1200px + 60px );margin-left: calc(-60px \/ 2 );margin-right: calc(-60px \/ 2 );\"><div class=\"fusion-layout-column fusion_builder_column fusion-builder-column-1 fusion_builder_column_1_2 1_2 fusion-flex-column\" style=\"--awb-bg-size:cover;--awb-width-large:50%;--awb-margin-top-large:0px;--awb-spacing-right-large:30px;--awb-margin-bottom-large:20px;--awb-spacing-left-large:30px;--awb-width-medium:50%;--awb-order-medium:0;--awb-spacing-right-medium:30px;--awb-spacing-left-medium:30px;--awb-width-small:100%;--awb-order-small:1;--awb-spacing-right-small:30px;--awb-spacing-left-small:30px;\" data-scroll-devices=\"small-visibility,medium-visibility,large-visibility\"><div class=\"fusion-column-wrapper fusion-column-has-shadow fusion-flex-justify-content-flex-start fusion-content-layout-column\"><div class=\"fusion-title title fusion-title-2 fusion-sep-none fusion-title-text fusion-title-size-two\" style=\"--awb-margin-top-small:10px;--awb-margin-right-small:0px;--awb-margin-bottom-small:10px;--awb-margin-left-small:0px;\"><h2 class=\"fusion-title-heading title-heading-left\" style=\"margin:0;\">Rendez-vous musical<\/h2><\/div><div class=\"fusion-text fusion-text-1\"><p><strong>Dimanche 24 mai 2026 <\/strong><br \/>\n<strong>\u00e0 15h30 et 16h30<\/strong><\/p>\n<p>Accueil dans le parc de Monte-Cristo de l\u2019ensemble de cuivres et percussions de l\u2019Anjou pour un spectacle musical et th\u00e9\u00e2tral : \u00ab Les aventures imaginaires de D\u2019Artagnan \u00bb.<\/p>\n<p>Une vie imaginaire de D\u2019Artagnan illustr\u00e9e en musique par de joyeux musiciens mousquetaires. Une \u00e9pop\u00e9e imagin\u00e9e par Claude Vie, retrac\u00e9e avec diff\u00e9rents styles de musique, interpr\u00e9t\u00e9e par de nombreux cuivres men\u00e9e par un chef d\u2019orchestre, Rudy Sauvage, ex tromboniste de la garde r\u00e9publicaine.<\/p>\n<p>Un apr\u00e8s-midi musical \u00e0 partager en famille. Profitez des lieux pour le plaisir des yeux\u2026et des oreilles. Une mani\u00e8re d\u2019animer et de faire vivre le ch\u00e2teau comme au temps d\u2019Alexandre Dumas.<\/p>\n<p>Spectacle en deux parties \u00e0 15h30 et \u00e0 16h30.<\/p>\n<p>Cet \u00e9v\u00e8nement a lieu en ext\u00e9rieur. Adaptez votre tenue \u00e0 la m\u00e9t\u00e9o et prenez de quoi vous assoir sur la grande pelouse !<\/p>\n<p>Sans r\u00e9servation.<\/p>\n<\/div><\/div><\/div><div class=\"fusion-layout-column fusion_builder_column fusion-builder-column-2 fusion_builder_column_1_2 1_2 fusion-flex-column\" style=\"--awb-bg-image:url(&#039;https:\/\/le-port-marly.net\/main\/wp-content\/uploads\/2026\/03\/musique_2026_1010.jpg&#039;);--awb-bg-position:center center;--awb-bg-size:cover;--awb-width-large:50%;--awb-margin-top-large:0px;--awb-spacing-right-large:30px;--awb-margin-bottom-large:20px;--awb-spacing-left-large:30px;--awb-width-medium:50%;--awb-order-medium:0;--awb-spacing-right-medium:30px;--awb-spacing-left-medium:30px;--awb-width-small:100%;--awb-order-small:0;--awb-spacing-right-small:30px;--awb-spacing-left-small:30px;\" data-scroll-devices=\"small-visibility,medium-visibility,large-visibility\"><div class=\"fusion-column-wrapper fusion-column-has-shadow fusion-flex-justify-content-flex-start fusion-content-layout-column fusion-empty-column-bg-image fusion-column-has-bg-image\" data-bg-url=\"https:\/\/le-port-marly.net\/main\/wp-content\/uploads\/2026\/03\/musique_2026_1010.jpg\"><img decoding=\"async\" class=\"fusion-empty-dims-img-placeholder fusion-no-large-visibility fusion-no-medium-visibility\" aria-label=\"Rendez-vous musical 2026\" src=\"data:image\/svg+xml,%3Csvg%20xmlns%3D%27http%3A%2F%2Fwww.w3.org%2F2000%2Fsvg%27%20width%3D%271010%27%20height%3D%271078%27%20viewBox%3D%270%200%201010%201078%27%3E%3Crect%20width%3D%271010%27%20height%3D%271078%27%20fill-opacity%3D%220%22%2F%3E%3C%2Fsvg%3E\"><\/div><\/div><\/div><\/div><\/div><div id=\"theatre\" class=\"fusion-container-anchor\"><div class=\"fusion-fullwidth fullwidth-box fusion-builder-row-3 fusion-flex-container has-pattern-background has-mask-background nonhundred-percent-fullwidth non-hundred-percent-height-scrolling\" style=\"--awb-border-radius-top-left:0px;--awb-border-radius-top-right:0px;--awb-border-radius-bottom-right:0px;--awb-border-radius-bottom-left:0px;--awb-padding-top:0px;--awb-margin-top:20px;--awb-margin-bottom:30px;--awb-flex-wrap:wrap;\" ><div class=\"fusion-builder-row fusion-row fusion-flex-align-items-stretch fusion-flex-content-wrap\" style=\"max-width:calc( 1200px + 60px );margin-left: calc(-60px \/ 2 );margin-right: calc(-60px \/ 2 );\"><div class=\"fusion-layout-column fusion_builder_column fusion-builder-column-3 fusion_builder_column_1_2 1_2 fusion-flex-column\" style=\"--awb-bg-image:url(&#039;https:\/\/le-port-marly.net\/main\/wp-content\/uploads\/2026\/03\/costume_1010.jpg&#039;);--awb-bg-position:center center;--awb-bg-size:cover;--awb-width-large:50%;--awb-margin-top-large:0px;--awb-spacing-right-large:30px;--awb-margin-bottom-large:20px;--awb-spacing-left-large:30px;--awb-width-medium:50%;--awb-order-medium:0;--awb-spacing-right-medium:30px;--awb-spacing-left-medium:30px;--awb-width-small:100%;--awb-order-small:0;--awb-spacing-right-small:30px;--awb-spacing-left-small:30px;\" data-scroll-devices=\"small-visibility,medium-visibility,large-visibility\"><div class=\"fusion-column-wrapper fusion-column-has-shadow fusion-flex-justify-content-flex-start fusion-content-layout-column fusion-empty-column-bg-image fusion-column-has-bg-image\" data-bg-url=\"https:\/\/le-port-marly.net\/main\/wp-content\/uploads\/2026\/03\/costume_1010.jpg\"><img decoding=\"async\" class=\"fusion-empty-dims-img-placeholder fusion-no-large-visibility fusion-no-medium-visibility\" aria-label=\"Th\u00e9\u00e2tre et costumes d&rsquo;\u00e9poque \u00e0 Monte-Cristo\" src=\"data:image\/svg+xml,%3Csvg%20xmlns%3D%27http%3A%2F%2Fwww.w3.org%2F2000%2Fsvg%27%20width%3D%271010%27%20height%3D%271078%27%20viewBox%3D%270%200%201010%201078%27%3E%3Crect%20width%3D%271010%27%20height%3D%271078%27%20fill-opacity%3D%220%22%2F%3E%3C%2Fsvg%3E\"><\/div><\/div><div class=\"fusion-layout-column fusion_builder_column fusion-builder-column-4 fusion_builder_column_1_2 1_2 fusion-flex-column\" style=\"--awb-bg-size:cover;--awb-width-large:50%;--awb-margin-top-large:0px;--awb-spacing-right-large:30px;--awb-margin-bottom-large:20px;--awb-spacing-left-large:30px;--awb-width-medium:50%;--awb-order-medium:0;--awb-spacing-right-medium:30px;--awb-spacing-left-medium:30px;--awb-width-small:100%;--awb-order-small:0;--awb-spacing-right-small:30px;--awb-spacing-left-small:30px;\"><div class=\"fusion-column-wrapper fusion-column-has-shadow fusion-flex-justify-content-flex-start fusion-content-layout-column\"><div class=\"fusion-title title fusion-title-3 fusion-sep-none fusion-title-text fusion-title-size-two\" style=\"--awb-margin-top-small:10px;--awb-margin-right-small:0px;--awb-margin-bottom-small:10px;--awb-margin-left-small:0px;\"><h2 class=\"fusion-title-heading title-heading-left\" style=\"margin:0;\">Th\u00e9\u00e2tre et costumes d&rsquo;\u00e9poque \u00e0 Monte\u2011Cristo<\/h2><\/div><div class=\"fusion-text fusion-text-2\"><p><strong>Dimanche 28 juin 2026 de 14h00 \u00e0 18h00<\/strong><\/p>\n<p>Alexandre Dumas aimait recevoir. Une foule d\u2019invit\u00e9s se pressait pour le rencontrer, visiter sa demeure, profiter de ses largesses et de son magnifique parc \u00e0 l\u2019anglaise.<br \/>\nDimanche 28 juin, visiter Monte-Cristo sera l\u2019occasion de d\u00e9couvrir un lieu magique de par son architecture et sa situation mais \u00e9galement de par son atmosph\u00e8re enjoliv\u00e9e par les robes \u00e0 crinolines, les rubans et les dentelles de ces dames et les fracs de ces messieurs.<br \/>\nLe th\u00e9\u00e2tre sera \u00e0 l\u2019honneur. Des com\u00e9diens interpr\u00e8teront des personnages li\u00e9s \u00e0 l\u2019\u00e9crivain et viendront \u00e0 votre rencontre.<\/p>\n<p>Chacun sera transport\u00e9 au XIX\u00e8me si\u00e8cle, chez Monsieur Dumas.<\/p>\n<p>Une journ\u00e9e costum\u00e9e haute en couleurs pour un public familial avec l\u2019intervention de com\u00e9diens de la <em>compagnie Ankreatio<\/em>n et le <em>Temps des danses<\/em><\/p>\n<\/div><\/div><\/div><\/div><\/div><\/div><div class=\"fusion-fullwidth fullwidth-box fusion-builder-row-4 fusion-flex-container has-pattern-background has-mask-background nonhundred-percent-fullwidth non-hundred-percent-height-scrolling\" style=\"--awb-border-radius-top-left:0px;--awb-border-radius-top-right:0px;--awb-border-radius-bottom-right:0px;--awb-border-radius-bottom-left:0px;--awb-margin-top:20px;--awb-flex-wrap:wrap;\" ><div class=\"fusion-builder-row fusion-row fusion-flex-align-items-flex-start fusion-flex-content-wrap\" style=\"max-width:1248px;margin-left: calc(-4% \/ 2 );margin-right: calc(-4% \/ 2 );\"><div class=\"fusion-layout-column fusion_builder_column fusion-builder-column-5 fusion_builder_column_1_1 1_1 fusion-flex-column\" style=\"--awb-bg-size:cover;--awb-width-large:100%;--awb-margin-top-large:0px;--awb-spacing-right-large:1.92%;--awb-margin-bottom-large:20px;--awb-spacing-left-large:1.92%;--awb-width-medium:100%;--awb-order-medium:0;--awb-spacing-right-medium:1.92%;--awb-spacing-left-medium:1.92%;--awb-width-small:100%;--awb-order-small:0;--awb-spacing-right-small:1.92%;--awb-spacing-left-small:1.92%;\"><div class=\"fusion-column-wrapper fusion-column-has-shadow fusion-flex-justify-content-flex-start fusion-content-layout-column\"><div class=\"fusion-reading-box-container reading-box-container-1\" style=\"--awb-title-color:var(--awb-color5);--awb-title-font-size:22px;--awb-title-line-height:1.1em;--awb-margin-top:20px;--awb-margin-bottom:20px;\"><div class=\"reading-box\" style=\"background-color:var(--awb-custom_color_3);border-width:2px;border-color:var(--awb-color5);border-left-width:3px;border-left-color:var(--primary_color);border-style:solid;\"><h2>Tarifs pour ces deux \u00e9v\u00e9nements<\/h2><div class=\"reading-box-description fusion-reading-box-additional\">&nbsp;<\/div><div class=\"reading-box-additional\">\n<p>Tarif plein : 13 \u20ac<br \/>\nTarif r\u00e9duit : 5\u20ac (enfants de 3 \u00e0 7 ans)<br \/>\nGratuit moins de 3 ans.<\/p>\n<\/div><div class=\"fusion-clearfix\"><\/div><\/div><\/div><\/div><\/div><\/div><\/div><div class=\"fusion-fullwidth fullwidth-box fusion-builder-row-5 fusion-flex-container has-pattern-background has-mask-background nonhundred-percent-fullwidth non-hundred-percent-height-scrolling\" style=\"--awb-border-radius-top-left:0px;--awb-border-radius-top-right:0px;--awb-border-radius-bottom-right:0px;--awb-border-radius-bottom-left:0px;--awb-margin-top:30px;--awb-flex-wrap:wrap;\" ><div class=\"fusion-builder-row fusion-row fusion-flex-align-items-flex-start fusion-flex-content-wrap\" style=\"max-width:1248px;margin-left: calc(-4% \/ 2 );margin-right: calc(-4% \/ 2 );\"><div class=\"fusion-layout-column fusion_builder_column fusion-builder-column-6 fusion_builder_column_1_1 1_1 fusion-flex-column\" style=\"--awb-bg-size:cover;--awb-width-large:100%;--awb-margin-top-large:0px;--awb-spacing-right-large:1.92%;--awb-margin-bottom-large:20px;--awb-spacing-left-large:1.92%;--awb-width-medium:100%;--awb-order-medium:0;--awb-spacing-right-medium:1.92%;--awb-spacing-left-medium:1.92%;--awb-width-small:100%;--awb-order-small:0;--awb-spacing-right-small:1.92%;--awb-spacing-left-small:1.92%;\"><div class=\"fusion-column-wrapper fusion-column-has-shadow fusion-flex-justify-content-flex-start fusion-content-layout-column\"><div ><a class=\"fusion-button button-flat fusion-button-default-size button-default fusion-button-default button-1 fusion-button-default-span fusion-button-default-type\" target=\"_self\" data-hover=\"icon_rotate\" href=\"https:\/\/le-port-marly.net\/main\/journees-du-patrimoine\/\"><i class=\"fa-angle-double-right fas awb-button__icon awb-button__icon--default button-icon-left\" aria-hidden=\"true\"><\/i><span class=\"fusion-button-text awb-button__text awb-button__text--default\">Journ\u00e9es du patrimoine<\/span><\/a><\/div><\/div><\/div><\/div><\/div><\/p>\n","protected":false},"excerpt":{"rendered":"","protected":false},"author":1,"featured_media":0,"parent":0,"menu_order":0,"comment_status":"closed","ping_status":"closed","template":"100-width.php","meta":{"footnotes":""},"class_list":["post-846","page","type-page","status-publish","hentry"],"_links":{"self":[{"href":"https:\/\/le-port-marly.net\/main\/wp-json\/wp\/v2\/pages\/846","targetHints":{"allow":["GET"]}}],"collection":[{"href":"https:\/\/le-port-marly.net\/main\/wp-json\/wp\/v2\/pages"}],"about":[{"href":"https:\/\/le-port-marly.net\/main\/wp-json\/wp\/v2\/types\/page"}],"author":[{"embeddable":true,"href":"https:\/\/le-port-marly.net\/main\/wp-json\/wp\/v2\/users\/1"}],"replies":[{"embeddable":true,"href":"https:\/\/le-port-marly.net\/main\/wp-json\/wp\/v2\/comments?post=846"}],"version-history":[{"count":20,"href":"https:\/\/le-port-marly.net\/main\/wp-json\/wp\/v2\/pages\/846\/revisions"}],"predecessor-version":[{"id":1812,"href":"https:\/\/le-port-marly.net\/main\/wp-json\/wp\/v2\/pages\/846\/revisions\/1812"}],"wp:attachment":[{"href":"https:\/\/le-port-marly.net\/main\/wp-json\/wp\/v2\/media?parent=846"}],"curies":[{"name":"wp","href":"https:\/\/api.w.org\/{rel}","templated":true}]}}